{"id":338,"date":"2015-09-11T16:10:12","date_gmt":"2015-09-11T15:10:12","guid":{"rendered":"http:\/\/barcelona2016.aic-iac.org\/?page_id=338"},"modified":"2016-09-09T16:46:21","modified_gmt":"2016-09-09T15:46:21","slug":"","status":"publish","type":"page","link":"https:\/\/barcelona2016.aic-iac.org\/ca\/partners\/","title":{"rendered":"","raw":""},"content":{"rendered":"","protected":false,"raw":""},"excerpt":{"rendered":"","protected":false,"raw":""},"author":4,"featured_media":0,"parent":0,"menu_order":6,"comment_status":"closed","ping_status":"closed","template":"","meta":{"_en_post_content":"<table>\r\n<tbody>\r\n<tr>\r\n<td colspan=\"3\">\r\n<p><img class=\"alignnone size-full wp-image-2239\" src=\"https:\/\/barcelona2016.aic-iac.org\/wp-content\/uploads\/sites\/6\/2015\/09\/webeng.jpg\" alt=\"webeng\" width=\"800\" height=\"1600\" \/><\/p>\r\n<\/td>\r\n<\/tr>\r\n<tr>\r\n<td>\r\n<p><u><u><u>Main Local Organizer<\/u><\/u><\/u><\/p>\r\n<p>Associacio cermaistes de catalunya<\/p>\r\n<table>\r\n<tbody>\r\n<tr>\r\n<td><img class=\"  alignnone wp-image-339\" src=\"https:\/\/barcelona2016.aic-iac.org\/wp-content\/uploads\/sites\/6\/2015\/09\/P0_ACC_lLogo-300x151.jpg\" alt=\"P0_ACC_lLogo\" width=\"89\" height=\"45\" \/><\/td>\r\n<td>\u00a0<\/td>\r\n<\/tr>\r\n<\/tbody>\r\n<\/table>\r\n<p>&nbsp;<\/p>\r\n<p>&nbsp;<\/p>\r\n<\/td>\r\n<td colspan=\"2\">\u00a0<\/td>\r\n<\/tr>\r\n<\/tbody>\r\n<\/table>\r\n<table>\r\n<tbody>\r\n<tr>\r\n<td>\r\n<p><u>Partners: Museums and cultural institutions<\/u><\/p>\r\n<ul>\r\n<li>Design Museum of Barcelona<\/li>\r\n<li>National Art Museum of Catalonia (MNAC)<\/li>\r\n<li>Picasso Museum of Barcelona<\/li>\r\n<li>Joan Mir\u00f3 Foundation of Barcelona<\/li>\r\n<li>\u201cLa Caixa\u201d Foundation<\/li>\r\n<li>La Pedrera Foundation<\/li>\r\n<li>Sant Pau Recinte Modernista - Barcelona<\/li>\r\n<li>Museum of Contemporary Art of Barcelona - MACBA<\/li>\r\n<li>National Museum of Ceramics of Valencia<\/li>\r\n<li>Terracotta, Museum of Ceramics of La Bisbal<\/li>\r\n<li>Argentona Ceramics Museum (Museu del C\u00e0ntir)<\/li>\r\n<li>Can Tintur\u00e9 Museum, La Rajoleta Museum,\u00a0Esplugues de Llobregat<\/li>\r\n<li>Setoa\u00edn Private Museum Collection<\/li>\r\n<\/ul>\r\n<\/td>\r\n<td>\r\n<p><u>Partners: Associations<br \/><\/u><\/p>\r\n<ul>\r\n<li>Association of Artists and Craftmen of FAD,\u00a0Foment de les Arts I el Disseny (A-FAD)<\/li>\r\n<li>Federation of Handicraft Associations in\u00a0Catalonia (FAAOC)<\/li>\r\n<li>Association of Friends of Museums and Heritage of Esplugues de Llobregat (AMPEL)<\/li>\r\n<li>Asociaci\u00f3n de Ceramolog\u00eda, Ceramology Association (AC)<\/li>\r\n<li>International Contemporary Ceramics Fair, Zaragoza (CERCO)<\/li>\r\n<li>Spanish Association of Cities of Ceramics (AeCC)<u><u><u><br \/><\/u><\/u><\/u><\/li>\r\n<\/ul>\r\n<\/td>\r\n<\/tr>\r\n<tr>\r\n<td>\u00a0<\/td>\r\n<td>\u00a0<\/td>\r\n<\/tr>\r\n<\/tbody>\r\n<\/table>\r\n<table>\r\n<tbody>\r\n<tr>\r\n<td><u><u><u>Sponsors<\/u><\/u><\/u>\r\n<p><img class=\"alignnone size-full wp-image-345\" src=\"https:\/\/barcelona2016.aic-iac.org\/wp-content\/uploads\/sites\/6\/2015\/09\/P6_SIO-2.jpg\" alt=\"P6_SIO-2\" width=\"834\" height=\"834\" \/><\/p>\r\n<p>&nbsp;<\/p>\r\n<p><u><u><u><u> <img class=\"alignnone size-full wp-image-348\" src=\"https:\/\/barcelona2016.aic-iac.org\/wp-content\/uploads\/sites\/6\/2015\/09\/P9_Villegas.jpg\" alt=\"P9_Villegas\" width=\"713\" height=\"375\" \/><\/u><\/u><\/u><\/u><\/p>\r\n<p>&nbsp;<\/p>\r\n<p><u><u><u><u> <img class=\"alignnone size-full wp-image-347\" src=\"https:\/\/barcelona2016.aic-iac.org\/wp-content\/uploads\/sites\/6\/2015\/09\/P8_anper.jpg\" alt=\"P8_anper\" width=\"236\" height=\"214\" \/><\/u><\/u><\/u><\/u><\/p>\r\n<p>&nbsp;<\/p>\r\n<p><u><u><u> <img class=\"alignnone size-full wp-image-346\" src=\"https:\/\/barcelona2016.aic-iac.org\/wp-content\/uploads\/sites\/6\/2015\/09\/P7_Argiles_Bisbal.jpg\" alt=\"P7_Argiles_Bisbal\" width=\"596\" height=\"276\" \/><\/u><\/u><\/u><\/p>\r\n<p>&nbsp;<\/p>\r\n<p>&nbsp;<\/p>\r\n<\/td>\r\n<td>\u00a0<\/td>\r\n<td><u><u><u>Public partners<\/u><\/u><\/u>\r\n<p><img class=\"alignnone size-full wp-image-340\" src=\"https:\/\/barcelona2016.aic-iac.org\/wp-content\/uploads\/sites\/6\/2015\/09\/P1_Aj_BCN.jpg\" alt=\"Aj_BCN_E.indd\" width=\"1264\" height=\"440\" \/><\/p>\r\n<p>&nbsp;<\/p>\r\n<p><u><u><u><u> <img class=\"alignnone size-full wp-image-344\" src=\"https:\/\/barcelona2016.aic-iac.org\/wp-content\/uploads\/sites\/6\/2015\/09\/P5_Museum_of_design.jpg\" alt=\"P5_Museum_of_design\" width=\"1772\" height=\"1772\" \/><\/u><\/u><\/u><\/u><\/p>\r\n<p>&nbsp;<\/p>\r\n<p><u><u><u><u> <img class=\"alignnone size-full wp-image-343\" src=\"https:\/\/barcelona2016.aic-iac.org\/wp-content\/uploads\/sites\/6\/2015\/09\/P4_DiBa.jpg\" alt=\"log_hor\" width=\"1464\" height=\"472\" \/><\/u><\/u><\/u><\/u><\/p>\r\n<p>&nbsp;<\/p>\r\n<p><u><u><u><u> <img class=\"alignnone size-full wp-image-342\" src=\"https:\/\/barcelona2016.aic-iac.org\/wp-content\/uploads\/sites\/6\/2015\/09\/P3_gencat_cultura.jpg\" alt=\"P3_gencat_cultura\" width=\"575\" height=\"221\" \/><\/u><\/u><\/u><\/u><\/p>\r\n<p>&nbsp;<\/p>\r\n<p><u><u><u> <img class=\"alignnone size-full wp-image-341\" src=\"https:\/\/barcelona2016.aic-iac.org\/wp-content\/uploads\/sites\/6\/2015\/09\/P2_ccam.jpg\" alt=\"P2_ccam\" width=\"1181\" height=\"1095\" \/><\/u><\/u><\/u><\/p>\r\n<p>&nbsp;<\/p>\r\n<p>&nbsp;<\/p>\r\n<\/td>\r\n<td>\u00a0<\/td>\r\n<\/tr>\r\n<\/tbody>\r\n<\/table>\r\n<p>&nbsp;<\/p>","_en_post_name":"partners","_en_post_excerpt":"Main Local Organizer, Sponsors and Partners","_en_post_title":"PARTNERS","_fr_post_content":"<p>&nbsp;<\/p>\r\n<table>\r\n<tbody>\r\n<tr>\r\n<td colspan=\"3\">\u00a0<img class=\"alignnone size-full wp-image-2239\" src=\"https:\/\/barcelona2016.aic-iac.org\/wp-content\/uploads\/sites\/6\/2015\/09\/webeng.jpg\" alt=\"webeng\" width=\"800\" height=\"1600\" \/><\/td>\r\n<\/tr>\r\n<tr>\r\n<td>\r\n<p><u>Principal organisateur local<br \/><\/u><\/p>\r\n<p>Association des C\u00e9ramistes de Catalogne<\/p>\r\n<table>\r\n<tbody>\r\n<tr>\r\n<td><img class=\"  alignnone wp-image-339\" src=\"https:\/\/barcelona2016.aic-iac.org\/wp-content\/uploads\/sites\/6\/2015\/09\/P0_ACC_lLogo-300x151.jpg\" alt=\"P0_ACC_lLogo\" width=\"89\" height=\"45\" \/><\/td>\r\n<td>\u00a0<\/td>\r\n<\/tr>\r\n<\/tbody>\r\n<\/table>\r\n<p>&nbsp;<\/p>\r\n<p>&nbsp;<\/p>\r\n<\/td>\r\n<td colspan=\"2\">\u00a0<\/td>\r\n<\/tr>\r\n<\/tbody>\r\n<\/table>\r\n<table>\r\n<tbody>\r\n<tr>\r\n<td>\r\n<p><span style=\"text-decoration: underline;\">Principaux partenaires:<\/span><\/p>\r\n<ul>\r\n<li>Municipalit\u00e9 de Barcelone<\/li>\r\n<li>CCAM \u2013 Gouvernement de la Catalogne<\/li>\r\n<li>Generalitat de Catalunya \u2013 D\u00e9partement de la Culture<\/li>\r\n<li>Diputaci\u00f3 de Barcelona<\/li>\r\n<li>Cer\u00e1mica Collet \u2013 Sio-2<\/li>\r\n<li>Argiles Bisbal<\/li>\r\n<li>Mus\u00e9e du Design de Barcelone<\/li>\r\n<li>CaixaForum \u2013 Obra Social \u201cla Caixa\u201d<\/li>\r\n<li>Fundaci\u00f3 Catalunya La Pedrera<\/li>\r\n<li>Sant Pau Recinte Modernista \u2013 Barcelone<\/li>\r\n<li>Escola Llotja - Barcelone<\/li>\r\n<\/ul>\r\n<\/td>\r\n<td>\r\n<p><u>Avec la collaboration de:<\/u><\/p>\r\n<ul>\r\n<li>Museu Picasso. Barcelone<\/li>\r\n<li>MNAC - Mus\u00e9e National d'Art de Catalunya<\/li>\r\n<li>Fundaci\u00f3 Joan Mir\u00f3. Barcelone<\/li>\r\n<li>MACBA - Mus\u00e9e d'Art Contemporain de Barcelone<\/li>\r\n<li>Museo Nacional de Cer\u00e1mica. Valencia<\/li>\r\n<li>ANPER, mat\u00e9riaux c\u00e9ramiques<\/li>\r\n<li>C\u00e9ramiques Villegas. Barcelone<\/li>\r\n<li>Universit\u00e9 de Barcelone<\/li>\r\n<li>Fundation Llorens Artigas. Gallifa<\/li>\r\n<li>Terracotta - Museu de Cer\u00e0mica de La Bisbal<\/li>\r\n<li>Museu del C\u00e0ntir d'Argentona<\/li>\r\n<li>Museu de la Terrissa de Quart<\/li>\r\n<li>Escola de Cer\u00e0mica de La Bisbal<\/li>\r\n<li>Cer\u00e0mica Marc\u00f3<\/li>\r\n<li>Museu Can Tintur\u00e9 - La Rajoleta, Esplugues de Llobregat<\/li>\r\n<li>Fundaci\u00f3 Nau Gaud\u00ed. Matar\u00f3<\/li>\r\n<li>Cer\u00e0mica Setoa\u00edn<\/li>\r\n<li>A-FAD<\/li>\r\n<li>AC Asociaci\u00f3n de Ceramolog\u00eda<\/li>\r\n<li>AECC Asociaci\u00f3n Espa\u00f1ola de Ciudades de la Cer\u00e1mica<\/li>\r\n<li>Galeria Dterra (Sant Cugat)<\/li>\r\n<li>El Torn Barcelona - Hub International de la C\u00e9ramique<\/li>\r\n<\/ul>\r\n<p><span style=\"text-decoration: underline;\">Municipalit\u00e9s de:<\/span><\/p>\r\n<ul>\r\n<li>Argentona<\/li>\r\n<li>Esplugues de Llobregat<\/li>\r\n<li>La Bisbal d\u2019Empord\u00e0<\/li>\r\n<li>Matar\u00f3<\/li>\r\n<li>Quart<\/li>\r\n<li>Sant Cugat del Vall\u00e8s<\/li>\r\n<\/ul>\r\n<\/td>\r\n<\/tr>\r\n<tr>\r\n<td>\u00a0<\/td>\r\n<td>\u00a0<\/td>\r\n<\/tr>\r\n<\/tbody>\r\n<\/table>\r\n<table>\r\n<tbody>\r\n<tr>\r\n<td><u><u><u>Sponsors<\/u><\/u><\/u>\r\n<p><img class=\"alignnone size-full wp-image-345\" src=\"https:\/\/barcelona2016.aic-iac.org\/wp-content\/uploads\/sites\/6\/2015\/09\/P6_SIO-2.jpg\" alt=\"P6_SIO-2\" width=\"834\" height=\"834\" \/><\/p>\r\n<p>&nbsp;<\/p>\r\n<p><u><u><u><u> <img class=\"alignnone size-full wp-image-348\" src=\"https:\/\/barcelona2016.aic-iac.org\/wp-content\/uploads\/sites\/6\/2015\/09\/P9_Villegas.jpg\" alt=\"P9_Villegas\" width=\"713\" height=\"375\" \/><\/u><\/u><\/u><\/u><\/p>\r\n<p>&nbsp;<\/p>\r\n<p><u><u><u><u> <img class=\"alignnone size-full wp-image-347\" src=\"https:\/\/barcelona2016.aic-iac.org\/wp-content\/uploads\/sites\/6\/2015\/09\/P8_anper.jpg\" alt=\"P8_anper\" width=\"236\" height=\"214\" \/><\/u><\/u><\/u><\/u><\/p>\r\n<p>&nbsp;<\/p>\r\n<p><u><u><u> <img class=\"alignnone size-full wp-image-346\" src=\"https:\/\/barcelona2016.aic-iac.org\/wp-content\/uploads\/sites\/6\/2015\/09\/P7_Argiles_Bisbal.jpg\" alt=\"P7_Argiles_Bisbal\" width=\"596\" height=\"276\" \/><\/u><\/u><\/u><\/p>\r\n<p>&nbsp;<\/p>\r\n<p>&nbsp;<\/p>\r\n<\/td>\r\n<td>\u00a0<\/td>\r\n<td><u><u><u>Public partners<\/u><\/u><\/u>\r\n<p><img class=\"alignnone size-full wp-image-340\" src=\"https:\/\/barcelona2016.aic-iac.org\/wp-content\/uploads\/sites\/6\/2015\/09\/P1_Aj_BCN.jpg\" alt=\"Aj_BCN_E.indd\" width=\"1264\" height=\"440\" \/><\/p>\r\n<p>&nbsp;<\/p>\r\n<p><u><u><u><u> <img class=\"alignnone size-full wp-image-344\" src=\"https:\/\/barcelona2016.aic-iac.org\/wp-content\/uploads\/sites\/6\/2015\/09\/P5_Museum_of_design.jpg\" alt=\"P5_Museum_of_design\" width=\"1772\" height=\"1772\" \/><\/u><\/u><\/u><\/u><\/p>\r\n<p>&nbsp;<\/p>\r\n<p><u><u><u><u> <img class=\"alignnone size-full wp-image-343\" src=\"https:\/\/barcelona2016.aic-iac.org\/wp-content\/uploads\/sites\/6\/2015\/09\/P4_DiBa.jpg\" alt=\"log_hor\" width=\"1464\" height=\"472\" \/><\/u><\/u><\/u><\/u><\/p>\r\n<p>&nbsp;<\/p>\r\n<p><u><u><u><u> <img class=\"alignnone size-full wp-image-342\" src=\"https:\/\/barcelona2016.aic-iac.org\/wp-content\/uploads\/sites\/6\/2015\/09\/P3_gencat_cultura.jpg\" alt=\"P3_gencat_cultura\" width=\"575\" height=\"221\" \/><\/u><\/u><\/u><\/u><\/p>\r\n<p>&nbsp;<\/p>\r\n<p><u><u><u> <img class=\"alignnone size-full wp-image-341\" src=\"https:\/\/barcelona2016.aic-iac.org\/wp-content\/uploads\/sites\/6\/2015\/09\/P2_ccam.jpg\" alt=\"P2_ccam\" width=\"1181\" height=\"1095\" \/><\/u><\/u><\/u><\/p>\r\n<p>&nbsp;<\/p>\r\n<p>&nbsp;<\/p>\r\n<\/td>\r\n<td>\u00a0<\/td>\r\n<\/tr>\r\n<\/tbody>\r\n<\/table>\r\n<p>&nbsp;<\/p>","_fr_post_name":"partners","_fr_post_excerpt":"Collaborations, organisateur et partenaires ","_fr_post_title":"Partenaires","_es_post_content":"<table>\r\n<tbody>\r\n<tr>\r\n<td colspan=\"3\">\r\n<p><img class=\"alignnone size-full wp-image-2239\" src=\"https:\/\/barcelona2016.aic-iac.org\/wp-content\/uploads\/sites\/6\/2015\/09\/webeng.jpg\" alt=\"webeng\" width=\"800\" height=\"1600\" \/><\/p>\r\n<\/td>\r\n<\/tr>\r\n<tr>\r\n<td>\r\n<p>Instituciones y empresas que dan su apoyo al 47 Congreso de la Academia International de\u00a0 cer\u00e1mica - Barcelona 2016<\/p>\r\n<p>&nbsp;<\/p>\r\n<p><u>Organizadores<\/u><\/p>\r\n<p>Associaci\u00f3 Ceramistes de Catalunya<br \/>Academia Internacional de la Cer\u00e1mica<\/p>\r\n<table>\r\n<tbody>\r\n<tr>\r\n<td colspan=\"2\"><img class=\"  alignnone wp-image-339\" src=\"https:\/\/barcelona2016.aic-iac.org\/wp-content\/uploads\/sites\/6\/2015\/09\/P0_ACC_lLogo-300x151.jpg\" alt=\"P0_ACC_lLogo\" width=\"186\" height=\"94\" \/>\u00a0<\/td>\r\n<\/tr>\r\n<\/tbody>\r\n<\/table>\r\n<p>&nbsp;<\/p>\r\n<p>&nbsp;<\/p>\r\n<\/td>\r\n<td colspan=\"2\">\u00a0<\/td>\r\n<\/tr>\r\n<\/tbody>\r\n<\/table>\r\n<table>\r\n<tbody>\r\n<tr>\r\n<td>\r\n<p><u>Coorganizadores, patrocinadores y principales colaboradores<\/u><\/p>\r\n<ul>\r\n<li>Ajuntament de Barcelona<\/li>\r\n<li>CCAM \u2013 Generalitat de Catalunya.<\/li>\r\n<li>Generalitat de Catalunya \u2013 Departament de Cultura<\/li>\r\n<li>Diputaci\u00f3 de Barcelona<\/li>\r\n<li>Diputaci\u00f3 de Girona<\/li>\r\n<li>Ceramica Collet \u2013 Sio-2<\/li>\r\n<li>Argiles Bisbal<\/li>\r\n<li>ANPER \u2013 Ceramic supplies<\/li>\r\n<li>Museu del Disseny de Barcelona<\/li>\r\n<li>CaixaForum Barcelona \u2013 Fundaci\u00f3 Banc\u00e0ria La Caixa<\/li>\r\n<li>Fundaci\u00f3 Catalunya La Pedrera<\/li>\r\n<li>Fundaci\u00f3 Joan Mir\u00f3. Barcelona<\/li>\r\n<li>MNAC - Museu Nacional d\u2019Art de Catalunya<\/li>\r\n<li>Museu Picasso. Barcelona<\/li>\r\n<li>Sant Pau Recinte Modernista \u2013 Barcelona<\/li>\r\n<\/ul>\r\n<p><u>Ayuntamientos de:<\/u><\/p>\r\n<ul>\r\n<li>Argentona<\/li>\r\n<li>El Vendrell<\/li>\r\n<li>Esplugues de Llobregat<\/li>\r\n<li>La Bisbal d\u2019Empord\u00e0<\/li>\r\n<li>Matar\u00f3<\/li>\r\n<li>Montblanc<\/li>\r\n<li>Quart<\/li>\r\n<li>Sant Cugat del Vall\u00e8s<\/li>\r\n<\/ul>\r\n<\/td>\r\n<td>\r\n<p><span style=\"text-decoration: underline;\">Con la colaboraci\u00f3n de<\/span><\/p>\r\n<ul>\r\n<li>A-FAD<\/li>\r\n<li>AC - Asociaci\u00f3n de Ceramolog\u00eda<\/li>\r\n<li>AeCC - Asociaci\u00f3n Espa\u00f1ola de Ciudades de la Cer\u00e1mica<\/li>\r\n<li>Cer\u00e0mica Cumella. Granollers<\/li>\r\n<li>Cer\u00e0mica Marc\u00f3 (Quart)<\/li>\r\n<li>Cer\u00e0mica Setoa\u00edn<\/li>\r\n<li>El Torn Barcelona \u2013 International Hub of Ceramics<\/li>\r\n<li>Escola de Cer\u00e0mica de La Bisbal<\/li>\r\n<li>Fundaci\u00f3 Llorens Artigas. Gallifa<\/li>\r\n<li>Galeria Dterra. Sant Cugat<\/li>\r\n<li>Llotja. Escola Superior de Disseny i Art. Barcelona<\/li>\r\n<li>MACBA - Museu d\u2019Art Contemporani de Barcelona<\/li>\r\n<li>Museo Nacional de Cer\u00e0mica. Val\u00e8ncia<\/li>\r\n<li>Museu Can Tintur\u00e9 \u2013 La Rajoleta. Esplugues de Llobregat<\/li>\r\n<li>Museu del C\u00e0ntir d\u2019Argentona<\/li>\r\n<li>Museu de la Terrissa de Quart<\/li>\r\n<li>Nau Gaud\u00ed \u2013 Col\u00b7lecci\u00f3 Bassat. Matar\u00f3<\/li>\r\n<li>Terracotta \u2013 Museu de Cer\u00e0mica de La Bisbal<\/li>\r\n<li>Universitat de Barcelona \u2013 Grup GRACMON<\/li>\r\n<li>Villegas \u2013 Ceramics<\/li>\r\n<li>WABA \u2013 World Association Brick Artists<\/li>\r\n<\/ul>\r\n<\/td>\r\n<\/tr>\r\n<tr>\r\n<td>\u00a0<\/td>\r\n<td>\u00a0<\/td>\r\n<\/tr>\r\n<\/tbody>\r\n<\/table>\r\n<table>\r\n<tbody>\r\n<tr>\r\n<td>\r\n<p><img class=\"alignnone size-full wp-image-345\" src=\"https:\/\/barcelona2016.aic-iac.org\/wp-content\/uploads\/sites\/6\/2015\/09\/P6_SIO-2.jpg\" alt=\"P6_SIO-2\" width=\"834\" height=\"834\" \/><\/p>\r\n<p>&nbsp;<\/p>\r\n<p><u><u><u><u> <img class=\"alignnone size-full wp-image-348\" src=\"https:\/\/barcelona2016.aic-iac.org\/wp-content\/uploads\/sites\/6\/2015\/09\/P9_Villegas.jpg\" alt=\"P9_Villegas\" width=\"713\" height=\"375\" \/><\/u><\/u><\/u><\/u><\/p>\r\n<p>&nbsp;<\/p>\r\n<p><u><u><u><u> <img class=\"alignnone size-full wp-image-347\" src=\"https:\/\/barcelona2016.aic-iac.org\/wp-content\/uploads\/sites\/6\/2015\/09\/P8_anper.jpg\" alt=\"P8_anper\" width=\"236\" height=\"214\" \/><\/u><\/u><\/u><\/u><\/p>\r\n<p>&nbsp;<\/p>\r\n<p><u><u><u> <img class=\"alignnone size-full wp-image-346\" src=\"https:\/\/barcelona2016.aic-iac.org\/wp-content\/uploads\/sites\/6\/2015\/09\/P7_Argiles_Bisbal.jpg\" alt=\"P7_Argiles_Bisbal\" width=\"596\" height=\"276\" \/><\/u><\/u><\/u><\/p>\r\n<p>&nbsp;<\/p>\r\n<p>&nbsp;<\/p>\r\n<\/td>\r\n<td>\u00a0<\/td>\r\n<td>\r\n<p><img class=\"alignnone size-full wp-image-340\" src=\"https:\/\/barcelona2016.aic-iac.org\/wp-content\/uploads\/sites\/6\/2015\/09\/P1_Aj_BCN.jpg\" alt=\"Aj_BCN_E.indd\" width=\"1264\" height=\"440\" \/><\/p>\r\n<p>&nbsp;<\/p>\r\n<p><u><u><u><u> <img class=\"alignnone size-full wp-image-344\" src=\"https:\/\/barcelona2016.aic-iac.org\/wp-content\/uploads\/sites\/6\/2015\/09\/P5_Museum_of_design.jpg\" alt=\"P5_Museum_of_design\" width=\"1772\" height=\"1772\" \/><\/u><\/u><\/u><\/u><\/p>\r\n<p>&nbsp;<\/p>\r\n<p><u><u><u><u> <img class=\"alignnone size-full wp-image-343\" src=\"https:\/\/barcelona2016.aic-iac.org\/wp-content\/uploads\/sites\/6\/2015\/09\/P4_DiBa.jpg\" alt=\"log_hor\" width=\"1464\" height=\"472\" \/><\/u><\/u><\/u><\/u><\/p>\r\n<p>&nbsp;<\/p>\r\n<p><u><u><u><u> <img class=\"alignnone size-full wp-image-342\" src=\"https:\/\/barcelona2016.aic-iac.org\/wp-content\/uploads\/sites\/6\/2015\/09\/P3_gencat_cultura.jpg\" alt=\"P3_gencat_cultura\" width=\"575\" height=\"221\" \/><\/u><\/u><\/u><\/u><\/p>\r\n<p>&nbsp;<\/p>\r\n<p><u><u><u> <img class=\"alignnone size-full wp-image-341\" src=\"https:\/\/barcelona2016.aic-iac.org\/wp-content\/uploads\/sites\/6\/2015\/09\/P2_ccam.jpg\" alt=\"P2_ccam\" width=\"1181\" height=\"1095\" \/><\/u><\/u><\/u><\/p>\r\n<p>&nbsp;<\/p>\r\n<p>&nbsp;<\/p>\r\n<\/td>\r\n<td>\u00a0<\/td>\r\n<\/tr>\r\n<\/tbody>\r\n<\/table>\r\n<p>&nbsp;<\/p>","_es_post_name":"partners","_es_post_excerpt":"Instituciones y empresas que dan su apoyo al 47 Congreso de la Academia International de  cer\u00e1mica - Barcelona 2016","_es_post_title":"INSTITUCIONES Y EMPRESAS","_ca_post_content":"","_ca_post_name":"","_ca_post_excerpt":"","_ca_post_title":"","edit_language":"ca","footnotes":""},"class_list":["post-338","page","type-page","status-publish","hentry"],"_links":{"self":[{"href":"https:\/\/barcelona2016.aic-iac.org\/ca\/wp-json\/wp\/v2\/pages\/338","targetHints":{"allow":["GET"]}}],"collection":[{"href":"https:\/\/barcelona2016.aic-iac.org\/ca\/wp-json\/wp\/v2\/pages"}],"about":[{"href":"https:\/\/barcelona2016.aic-iac.org\/ca\/wp-json\/wp\/v2\/types\/page"}],"author":[{"embeddable":true,"href":"https:\/\/barcelona2016.aic-iac.org\/ca\/wp-json\/wp\/v2\/users\/4"}],"replies":[{"embeddable":true,"href":"https:\/\/barcelona2016.aic-iac.org\/ca\/wp-json\/wp\/v2\/comments?post=338"}],"version-history":[{"count":45,"href":"https:\/\/barcelona2016.aic-iac.org\/ca\/wp-json\/wp\/v2\/pages\/338\/revisions"}],"predecessor-version":[{"id":2247,"href":"https:\/\/barcelona2016.aic-iac.org\/ca\/wp-json\/wp\/v2\/pages\/338\/revisions\/2247"}],"wp:attachment":[{"href":"https:\/\/barcelona2016.aic-iac.org\/ca\/wp-json\/wp\/v2\/media?parent=338"}],"curies":[{"name":"wp","href":"https:\/\/api.w.org\/{rel}","templated":true}]}}