{"id":280,"date":"2015-09-11T13:07:51","date_gmt":"2015-09-11T12:07:51","guid":{"rendered":"http:\/\/barcelona2016.aic-iac.org\/?page_id=280"},"modified":"2016-09-06T14:20:42","modified_gmt":"2016-09-06T13:20:42","slug":"extra-visit-in-barcelona","status":"publish","type":"page","link":"https:\/\/barcelona2016.aic-iac.org\/fr\/extra-visit-in-barcelona\/","title":{"rendered":"CIRCUIT C\u00c9RAMIQUE DES GALERIES D\u2019ART ET AUTRES ACTIVIT\u00c9S","raw":"CIRCUIT C\u00c9RAMIQUE DES GALERIES D\u2019ART ET AUTRES ACTIVIT\u00c9S"},"content":{"rendered":"<table>\n<tbody>\n<tr>\n<td colspan=\"2\">\n<div id=\"attachment_283\" style=\"width: 2010px\" class=\"wp-caption alignnone\"><img loading=\"lazy\" decoding=\"async\" aria-describedby=\"caption-attachment-283\" class=\"wp-image-283 size-full\" src=\"https:\/\/barcelona2016.aic-iac.org\/wp-content\/uploads\/sites\/6\/2015\/09\/L10_F-Miralles-copie.jpg\" alt=\"L10_F-Miralles - copie\" width=\"2000\" height=\"1334\" srcset=\"https:\/\/barcelona2016.aic-iac.org\/wp-content\/uploads\/sites\/2\/2015\/09\/L10_F-Miralles-copie.jpg 2000w, https:\/\/barcelona2016.aic-iac.org\/wp-content\/uploads\/sites\/2\/2015\/09\/L10_F-Miralles-copie-300x200.jpg 300w, https:\/\/barcelona2016.aic-iac.org\/wp-content\/uploads\/sites\/2\/2015\/09\/L10_F-Miralles-copie-940x627.jpg 940w\" sizes=\"auto, (max-width: 2000px) 100vw, 2000px\" \/><p id=\"caption-attachment-283\" class=\"wp-caption-text\">Enric Miralles Foundation<\/p><\/div>\n<\/td>\n<\/tr>\n<tr>\n<td>\u00a0L\u2019organisation encourage les participants du Congr\u00e8s de l\u2019IAC \u00e0 rester \u00e0 Barcelone pendant le weekend apr\u00e8s la conf\u00e9rence pour profiter de cette opportunit\u00e9 pour visiter d\u2019autres lieux ainsi que des expositions de grand int\u00e9r\u00eat c\u00e9ramique que la ville offrira durant ces journ\u00e9es, et qu\u2019ils n\u2019auront peut-\u00eatre pas le temps de visiter pendant les journ\u00e9es de conf\u00e9rence.<\/p>\n<p>&nbsp;<\/p>\n<\/td>\n<td>\u00a0Bien entendu, les monuments et les lieux de grand int\u00e9r\u00eat c\u00e9ramique inclus pendant les visites les apr\u00e8s-midis et en soir\u00e9e lors du congr\u00e8s peuvent \u00eatre aussi visit\u00e9s pendant le weekend si certains n\u2019en ont pas eu la chance de les d\u00e9couvrir, faute de places disponibles. Ces visites libres ne sont pas guid\u00e9es par l\u2019organisation. Grand nombre d\u2019offres de cette section ne sont pas incluses dans le programme journalier du congr\u00e8s.<\/td>\n<\/tr>\n<tr>\n<td colspan=\"2\">\n<hr \/>\n<\/td>\n<\/tr>\n<tr>\n<td>\n<p><span style=\"text-decoration: underline;\">Expositions de c\u00e9ramique contemporaine en galeries d\u2019art<\/span><\/p>\n<p>A Barcelone, environ trente galeries pr\u00e9senteront des expositions bas\u00e9es sur la c\u00e9ramique pendant la conf\u00e9rence de l\u2019IAC. Les galeries sont comprises dans le programme et les auteurs expos\u00e9s seront prochainement annonc\u00e9s.<\/p>\n<p>Expositions de c\u00e9ramique contemporaine, liste des galeries participantes : (liste en anglais seulement)<\/p>\n<\/td>\n<td>\u00a0<a href=\"https:\/\/barcelona2016.aic-iac.org\/wp-content\/uploads\/sites\/6\/2015\/09\/CICUITS-CERAMICS-AIC2016.pdf\">Carte des galeries &gt; Cliquez ici<\/a><\/td>\n<\/tr>\n<tr>\n<td colspan=\"2\">\n<hr \/>\n<\/td>\n<\/tr>\n<\/tbody>\n<\/table>\n<p>&nbsp;<\/p>\n<table>\n<tbody>\n<tr>\n<td>\n<p><u>Joint inaugural act: <br \/><\/u>Thursday, September 8 at 19.00h. At MACBA &#8211; Museu d\u2019Art Contemporani de Barcelona<\/p>\n<p><strong>Artevistas Gallery<br \/><\/strong>Corps et architecture<br \/><strong>Laurent Dufour \/ Suso Dobao<br \/><\/strong>Until September 25<\/p>\n<p><strong>Galeria Barcel-one<br \/><\/strong>Terra i foc <strong>Picasso, J. Mir\u00f3, J. Cocteau, R. Silvestrini, A. Felipe, M. Sala, F. Ceramique, J. Rothfuss and A. Val\u00e9s<br \/><\/strong>Until September 25<\/p>\n<p><strong>Galeria Beaskoa<br \/><\/strong>Figura fictile<br \/><strong>Thiesmeyer, A. Rosenzweig, R. Hern\u00e1ndez, J. Davila, P. Rodriguez, A. Garcia, M. Gali\u00e0, G. Armadas, S. Draper and M. Rius.<br \/><\/strong>Until September 24<\/p>\n<p><strong>Cad\u00e0ver Exquisit<br \/><\/strong>El jard\u00edn de las del\u00edcias<br \/><strong>Sophie Aguilera and Olivia Walker<br \/><\/strong>Until September 25<\/p>\n<p><strong>Roc\u00edo SantaCruz Art<br \/><\/strong>Group show<strong><br \/>Mar Arza, Ana Garcia-Pineda and Rosa Amor\u00f3s<br \/>Until September 23<\/strong><\/p>\n<p>Piramid\u00f3n, Centre d&rsquo;Art Contemporani<br \/>Espacio industrial<br \/><strong>Juan Ort\u00ed<br \/><\/strong>Until November 8<\/p>\n<p><strong>Galeria Dartc<br \/><\/strong>Esferas cer\u00e1micas<br \/><strong>Igual, A. Ferrer, C. Rodr\u00edguez, E. Ramos, G. Trujillo, I. Bazaco, J. Panisello,<br \/>J.Marcet i R. Vila-Abadal, J. Pellicer, L. Pascual, M. Ming, M. Coma, M. Mir, M. Nadal, M. Pl\u00e0, M. Torras, M. Ayala, M. Ramon, N. Pi\u00e9, R. Andaluz, R. Cepedano, T. Elias and T. Pl\u00e0<br \/><\/strong>Until September 28<\/p>\n<p><strong>El torn Barcelona<br \/><\/strong>HighFire<br \/><strong>Garrigou, C. Janelle, S. Aguillera, N. Torres, M. McInturff, S. Pedro, L. Rice, P. Loew, S. Pulido, J. Weynacht, M. Epiney, J. Moussy, A. Guasch, I. Yundina, M. Turkington, M. Loew, A. Kryszewski, C. Bain, O. Walker, P. Nadal, M. Maceira and E. Kengen.<br \/><\/strong>Until September 16<\/p>\n<p><strong>Ronda Barcelona<br \/><\/strong>\u00c0nimes<br \/><strong>Merc\u00e8 Pla<br \/><\/strong>Until October 3<\/p>\n<p><strong>\u00a0Espai Els 4 Gats<br \/><\/strong>Cer\u00e0miques entre llibres<br \/><strong>Joan Panisello<br \/><\/strong>Until October 8<\/p>\n<p><strong>Galeria Esther Montoriol<br \/><\/strong>Matilde Grau\/Rosa Cortiella<br \/><strong>Rosa Cortiella and Matilde Grau<br \/><\/strong>Until September 30<\/p>\n<p><strong>Francesc Mestre Art<br \/><\/strong>Va de coure<br \/><strong>Barbaformosa<br \/><\/strong>Until September 29<\/p>\n<p><strong>Galeria Gothsland<br \/><\/strong>Contrapunt<br \/><strong>Jordi Serra and Joan Serra<br \/><\/strong>Until September 28<\/p>\n<p><strong>Galeria H2O<br \/><\/strong>Manantial<br \/><strong>Martin Ruiz de Az\u00faa<br \/><\/strong>Until September<\/p>\n<\/td>\n<td>\n<p><strong>Olivart Art Gallery<br \/><\/strong>Passat per foc<br \/><strong>Lidia Sevilla, Marlene Vite and Katsue Kusumi<br \/><\/strong>Until September 18<\/p>\n<p><strong>Imaginart Gallery<br \/><\/strong>Venus, cada dia<br \/><strong>Ana Rosenzweig<br \/><\/strong>Until October 7<\/p>\n<p><strong>It reminds me of something<br \/><\/strong>Fireworks-wood-fired ceramics<br \/><strong>Caterina Roma<br \/><\/strong>Until September 18<\/p>\n<p><strong>Galeria Joan Gaspar<br \/><\/strong>Latest works<br \/><strong>Claudi Casanovas<br \/><\/strong>Until October 15, 2016<\/p>\n<p><strong>Las cosas de Mart\u00ednez<br \/><\/strong>Fang en femen\u00ed<br \/><strong>Rivi\u00e8re, S. Pulido, M. Epiney, N. Torres, A. Gailmont, A. Deluna, I. Yudina, C. Janelle, O. Molina and Tinou<br \/><\/strong>Until September 25<\/p>\n<p><strong>Galeria N2<br \/><\/strong>Nens, globus i crispetes-sweet porcelain<br \/><strong>N\u00faria Torres<br \/><\/strong>Until October 19<\/p>\n<p><strong>Galeria Art Nou Mil\u00b7lenni<br \/><\/strong>Formes 2011-2016<br \/><strong>Joan Poch<br \/><\/strong>Until September 22<\/p>\n<p><strong>Espai Tiziana Tafuri<br \/><\/strong>Abrigando el vacio<br \/><strong>Tiziana Tafuri<br \/><\/strong>Until September 30<strong> <br \/><\/strong><\/p>\n<p>&nbsp;<\/p>\n<p><strong><span style=\"text-decoration: underline;\">OUTSIDE BARCELONA<\/span><\/strong><\/p>\n<p>AB Galeria d&rsquo;Art. Granollers<br \/>Visible_Invisible<br \/><strong>Supi Hsu<br \/><\/strong>Until October 7<\/p>\n<p><strong>Galeria d&rsquo;Art Canals. Sant Cugat del Vall\u00e8s<br \/><\/strong>Del fang al color<br \/><strong>Sergi Barnils (Room 1)<br \/><\/strong>Binomi arbre-home<br \/><strong>Joan Panisello (Room 2)<br \/><\/strong>Until October 12<\/p>\n<p><strong>Galeria Context. Sant Cugat del Vall\u00e8s<br \/><\/strong>30 years of ceramic jewellery 1986-2016<br \/><strong>N\u00faria \u00c1lvarez de Lara<br \/><\/strong>Topographies<br \/><strong>Arianna Russo<br \/><\/strong>Until October 30<\/p>\n<p><strong>Dterra Galeria &#8211; Taller. Sant Cugat del Vall\u00e8s<br \/><\/strong>The beauty of clay. Group exhibition of ceramic jewellery<br \/><strong>Giraldez, A. Berdichesky, B. Tor\u00e0, E. Girbes, G. Cohn, I. Batalla, J. McCaig, L. Jener, L. Gratac\u00f3s, N. Soley, P. Cotter, R. Ferreira, T. Fontane and T. Contreras.<br \/><\/strong>Until November 5<\/p>\n<p><strong>Espai G d&rsquo;Art. Terrassa<br \/><\/strong>Reflexions mat\u00e8riques sobre l\u2019evoluci\u00f3<br \/><strong>Teresa Giron\u00e8s<br \/><\/strong>Until September 29<\/p>\n<\/td>\n<\/tr>\n<\/tbody>\n<\/table>\n<p>&nbsp;<\/p>\n<p>&nbsp;<\/p>\n","protected":false,"raw":"<table>\r\n<tbody>\r\n<tr>\r\n<td colspan=\"2\">\r\n[caption id=\"attachment_283\" align=\"alignnone\" width=\"2000\"]<img class=\"wp-image-283 size-full\" src=\"https:\/\/barcelona2016.aic-iac.org\/wp-content\/uploads\/sites\/6\/2015\/09\/L10_F-Miralles-copie.jpg\" alt=\"L10_F-Miralles - copie\" width=\"2000\" height=\"1334\" \/> Enric Miralles Foundation[\/caption]\r\n<\/td>\r\n<\/tr>\r\n<tr>\r\n<td>\u00a0L\u2019organisation encourage les participants du Congr\u00e8s de l\u2019IAC \u00e0 rester \u00e0 Barcelone pendant le weekend apr\u00e8s la conf\u00e9rence pour profiter de cette opportunit\u00e9 pour visiter d\u2019autres lieux ainsi que des expositions de grand int\u00e9r\u00eat c\u00e9ramique que la ville offrira durant ces journ\u00e9es, et qu\u2019ils n\u2019auront peut-\u00eatre pas le temps de visiter pendant les journ\u00e9es de conf\u00e9rence.\r\n<p>&nbsp;<\/p>\r\n<\/td>\r\n<td>\u00a0Bien entendu, les monuments et les lieux de grand int\u00e9r\u00eat c\u00e9ramique inclus pendant les visites les apr\u00e8s-midis et en soir\u00e9e lors du congr\u00e8s peuvent \u00eatre aussi visit\u00e9s pendant le weekend si certains n\u2019en ont pas eu la chance de les d\u00e9couvrir, faute de places disponibles. Ces visites libres ne sont pas guid\u00e9es par l\u2019organisation. Grand nombre d\u2019offres de cette section ne sont pas incluses dans le programme journalier du congr\u00e8s.<\/td>\r\n<\/tr>\r\n<tr>\r\n<td colspan=\"2\"><hr \/><\/td>\r\n<\/tr>\r\n<tr>\r\n<td>\r\n<p><span style=\"text-decoration: underline;\">Expositions de c\u00e9ramique contemporaine en galeries d\u2019art<\/span><\/p>\r\n<p>A Barcelone, environ trente galeries pr\u00e9senteront des expositions bas\u00e9es sur la c\u00e9ramique pendant la conf\u00e9rence de l\u2019IAC. Les galeries sont comprises dans le programme et les auteurs expos\u00e9s seront prochainement annonc\u00e9s.<\/p>\r\n<p>Expositions de c\u00e9ramique contemporaine, liste des galeries participantes : (liste en anglais seulement)<\/p>\r\n<\/td>\r\n<td>\u00a0<a href=\"https:\/\/barcelona2016.aic-iac.org\/wp-content\/uploads\/sites\/6\/2015\/09\/CICUITS-CERAMICS-AIC2016.pdf\">Carte des galeries &gt; Cliquez ici<\/a><\/td>\r\n<\/tr>\r\n<tr>\r\n<td colspan=\"2\"><hr \/><\/td>\r\n<\/tr>\r\n<\/tbody>\r\n<\/table>\r\n<p>&nbsp;<\/p>\r\n<table>\r\n<tbody>\r\n<tr>\r\n<td>\r\n<p><u>Joint inaugural act: <br \/><\/u>Thursday, September 8 at 19.00h. At MACBA - Museu d\u2019Art Contemporani de Barcelona<\/p>\r\n<p><strong>Artevistas Gallery<br \/><\/strong>Corps et architecture<br \/><strong>Laurent Dufour \/ Suso Dobao<br \/><\/strong>Until September 25<\/p>\r\n<p><strong>Galeria Barcel-one<br \/><\/strong>Terra i foc <strong>Picasso, J. Mir\u00f3, J. Cocteau, R. Silvestrini, A. Felipe, M. Sala, F. Ceramique, J. Rothfuss and A. Val\u00e9s<br \/><\/strong>Until September 25<\/p>\r\n<p><strong>Galeria Beaskoa<br \/><\/strong>Figura fictile<br \/><strong>Thiesmeyer, A. Rosenzweig, R. Hern\u00e1ndez, J. Davila, P. Rodriguez, A. Garcia, M. Gali\u00e0, G. Armadas, S. Draper and M. Rius.<br \/><\/strong>Until September 24<\/p>\r\n<p><strong>Cad\u00e0ver Exquisit<br \/><\/strong>El jard\u00edn de las del\u00edcias<br \/><strong>Sophie Aguilera and Olivia Walker<br \/><\/strong>Until September 25<\/p>\r\n<p><strong>Roc\u00edo SantaCruz Art<br \/><\/strong>Group show<strong><br \/>Mar Arza, Ana Garcia-Pineda and Rosa Amor\u00f3s<br \/>Until September 23<\/strong><\/p>\r\n<p>Piramid\u00f3n, Centre d'Art Contemporani<br \/>Espacio industrial<br \/><strong>Juan Ort\u00ed<br \/><\/strong>Until November 8<\/p>\r\n<p><strong>Galeria Dartc<br \/><\/strong>Esferas cer\u00e1micas<br \/><strong>Igual, A. Ferrer, C. Rodr\u00edguez, E. Ramos, G. Trujillo, I. Bazaco, J. Panisello,<br \/>J.Marcet i R. Vila-Abadal, J. Pellicer, L. Pascual, M. Ming, M. Coma, M. Mir, M. Nadal, M. Pl\u00e0, M. Torras, M. Ayala, M. Ramon, N. Pi\u00e9, R. Andaluz, R. Cepedano, T. Elias and T. Pl\u00e0<br \/><\/strong>Until September 28<\/p>\r\n<p><strong>El torn Barcelona<br \/><\/strong>HighFire<br \/><strong>Garrigou, C. Janelle, S. Aguillera, N. Torres, M. McInturff, S. Pedro, L. Rice, P. Loew, S. Pulido, J. Weynacht, M. Epiney, J. Moussy, A. Guasch, I. Yundina, M. Turkington, M. Loew, A. Kryszewski, C. Bain, O. Walker, P. Nadal, M. Maceira and E. Kengen.<br \/><\/strong>Until September 16<\/p>\r\n<p><strong>Ronda Barcelona<br \/><\/strong>\u00c0nimes<br \/><strong>Merc\u00e8 Pla<br \/><\/strong>Until October 3<\/p>\r\n<p><strong>\u00a0Espai Els 4 Gats<br \/><\/strong>Cer\u00e0miques entre llibres<br \/><strong>Joan Panisello<br \/><\/strong>Until October 8<\/p>\r\n<p><strong>Galeria Esther Montoriol<br \/><\/strong>Matilde Grau\/Rosa Cortiella<br \/><strong>Rosa Cortiella and Matilde Grau<br \/><\/strong>Until September 30<\/p>\r\n<p><strong>Francesc Mestre Art<br \/><\/strong>Va de coure<br \/><strong>Barbaformosa<br \/><\/strong>Until September 29<\/p>\r\n<p><strong>Galeria Gothsland<br \/><\/strong>Contrapunt<br \/><strong>Jordi Serra and Joan Serra<br \/><\/strong>Until September 28<\/p>\r\n<p><strong>Galeria H2O<br \/><\/strong>Manantial<br \/><strong>Martin Ruiz de Az\u00faa<br \/><\/strong>Until September<\/p>\r\n<\/td>\r\n<td>\r\n<p><strong>Olivart Art Gallery<br \/><\/strong>Passat per foc<br \/><strong>Lidia Sevilla, Marlene Vite and Katsue Kusumi<br \/><\/strong>Until September 18<\/p>\r\n<p><strong>Imaginart Gallery<br \/><\/strong>Venus, cada dia<br \/><strong>Ana Rosenzweig<br \/><\/strong>Until October 7<\/p>\r\n<p><strong>It reminds me of something<br \/><\/strong>Fireworks-wood-fired ceramics<br \/><strong>Caterina Roma<br \/><\/strong>Until September 18<\/p>\r\n<p><strong>Galeria Joan Gaspar<br \/><\/strong>Latest works<br \/><strong>Claudi Casanovas<br \/><\/strong>Until October 15, 2016<\/p>\r\n<p><strong>Las cosas de Mart\u00ednez<br \/><\/strong>Fang en femen\u00ed<br \/><strong>Rivi\u00e8re, S. Pulido, M. Epiney, N. Torres, A. Gailmont, A. Deluna, I. Yudina, C. Janelle, O. Molina and Tinou<br \/><\/strong>Until September 25<\/p>\r\n<p><strong>Galeria N2<br \/><\/strong>Nens, globus i crispetes-sweet porcelain<br \/><strong>N\u00faria Torres<br \/><\/strong>Until October 19<\/p>\r\n<p><strong>Galeria Art Nou Mil\u00b7lenni<br \/><\/strong>Formes 2011-2016<br \/><strong>Joan Poch<br \/><\/strong>Until September 22<\/p>\r\n<p><strong>Espai Tiziana Tafuri<br \/><\/strong>Abrigando el vacio<br \/><strong>Tiziana Tafuri<br \/><\/strong>Until September 30<strong> <br \/><\/strong><\/p>\r\n<p>&nbsp;<\/p>\r\n<p><strong><span style=\"text-decoration: underline;\">OUTSIDE BARCELONA<\/span><\/strong><\/p>\r\n<p>AB Galeria d'Art. Granollers<br \/>Visible_Invisible<br \/><strong>Supi Hsu<br \/><\/strong>Until October 7<\/p>\r\n<p><strong>Galeria d'Art Canals. Sant Cugat del Vall\u00e8s<br \/><\/strong>Del fang al color<br \/><strong>Sergi Barnils (Room 1)<br \/><\/strong>Binomi arbre-home<br \/><strong>Joan Panisello (Room 2)<br \/><\/strong>Until October 12<\/p>\r\n<p><strong>Galeria Context. Sant Cugat del Vall\u00e8s<br \/><\/strong>30 years of ceramic jewellery 1986-2016<br \/><strong>N\u00faria \u00c1lvarez de Lara<br \/><\/strong>Topographies<br \/><strong>Arianna Russo<br \/><\/strong>Until October 30<\/p>\r\n<p><strong>Dterra Galeria - Taller. Sant Cugat del Vall\u00e8s<br \/><\/strong>The beauty of clay. Group exhibition of ceramic jewellery<br \/><strong>Giraldez, A. Berdichesky, B. Tor\u00e0, E. Girbes, G. Cohn, I. Batalla, J. McCaig, L. Jener, L. Gratac\u00f3s, N. Soley, P. Cotter, R. Ferreira, T. Fontane and T. Contreras.<br \/><\/strong>Until November 5<\/p>\r\n<p><strong>Espai G d'Art. Terrassa<br \/><\/strong>Reflexions mat\u00e8riques sobre l\u2019evoluci\u00f3<br \/><strong>Teresa Giron\u00e8s<br \/><\/strong>Until September 29<\/p>\r\n<\/td>\r\n<\/tr>\r\n<\/tbody>\r\n<\/table>\r\n<p>&nbsp;<\/p>\r\n<p>&nbsp;<\/p>"},"excerpt":{"rendered":"<p>A Barcelone, environ trente galeries pr\u00e9senteront des expositions bas\u00e9es sur la c\u00e9ramique pendant la conf\u00e9rence de l\u2019IAC<\/p>\n","protected":false,"raw":"A Barcelone, environ trente galeries pr\u00e9senteront des expositions bas\u00e9es sur la c\u00e9ramique pendant la conf\u00e9rence de l\u2019IAC"},"author":4,"featured_media":283,"parent":0,"menu_order":18,"comment_status":"closed","ping_status":"closed","template":"","meta":{"_en_post_content":"<table>\r\n<tbody>\r\n<tr>\r\n<td colspan=\"2\">\r\n[caption id=\"attachment_283\" align=\"alignnone\" width=\"2000\"]<img class=\"wp-image-283 size-full\" src=\"https:\/\/barcelona2016.aic-iac.org\/wp-content\/uploads\/sites\/6\/2015\/09\/L10_F-Miralles-copie.jpg\" alt=\"L10_F-Miralles - copie\" width=\"2000\" height=\"1334\" \/> Enric Miralles Foundation[\/caption]\r\n<\/td>\r\n<\/tr>\r\n<tr>\r\n<td>\r\n<p>The organization encourages participants of the IAC Congress to remain in Barcelona during the weekend after the conference in order to have the opportunity to visit additional places and special exhibitions of ceramic interest that the city will offer during these days, and that you may not have time to visit during the days of the conference.<\/p>\r\n<\/td>\r\n<td>\r\n<p>Of course, the monuments and ceramic places of interest included in the visits during the afternoons and evenings of the Congress can also be visited during the weekend if someone did not have the chance because they were already full. These free visits are not guided by the organization.\u00a0Many of the offers in this section are not included in the daily program of the Congress.<\/p>\r\n<\/td>\r\n<\/tr>\r\n<tr>\r\n<td colspan=\"2\"><hr \/><\/td>\r\n<\/tr>\r\n<tr>\r\n<td>\r\n<p><span style=\"text-decoration: underline;\">Contemporary ceramics exhibitions in art galleries<\/span><\/p>\r\n<p>Exhibitions of contemporary ceramics in art galleries<\/p>\r\n<p>More than twenty-five galleries in Barcelona and its surrounding area present special exhibitions of ceramics during the Congress of the IAC, proof of the committed involvement of the social and cultural fabric in this event. The codes correspond to the location on the map of Ceramics Circuits that has been published separately.<\/p>\r\n<p>&nbsp;<\/p>\r\n<\/td>\r\n<td>\u00a0<a href=\"https:\/\/barcelona2016.aic-iac.org\/wp-content\/uploads\/sites\/6\/2015\/09\/CICUITS-CERAMICS-AIC2016.pdf\">Map of galleries, &gt; click here<\/a><\/td>\r\n<\/tr>\r\n<tr>\r\n<td>\r\n<p><u>Joint inaugural act: <br \/><\/u>Thursday, September 8 at 19.00h. At MACBA - Museu d\u2019Art Contemporani de Barcelona<\/p>\r\n<p><strong>Artevistas Gallery<br \/><\/strong>Corps et architecture<br \/><strong>Laurent Dufour \/ Suso Dobao<br \/><\/strong>Until September 25<\/p>\r\n<p><strong><strong>Galeria Barcel-one<br \/><\/strong><\/strong>Terra i foc <strong>Picasso, J. Mir\u00f3, J. Cocteau, R. Silvestrini, A. Felipe, M. Sala, F. Ceramique, J. Rothfuss and A. Val\u00e9s<br \/><\/strong>Until September 25<\/p>\r\n<p><strong>Galeria Beaskoa<br \/><\/strong>Figura fictile<br \/><strong>Thiesmeyer, A. Rosenzweig, R. Hern\u00e1ndez, J. Davila, P. Rodriguez, A. Garcia, M. Gali\u00e0, G. Armadas, S. Draper and M. Rius.<br \/><\/strong>Until September 24<\/p>\r\n<p><strong>Cad\u00e0ver Exquisit<br \/><\/strong>El jard\u00edn de las del\u00edcias<br \/><strong>Sophie Aguilera and Olivia Walker<br \/><\/strong>Until September 25<\/p>\r\n<p><strong>Roc\u00edo SantaCruz Art<br \/><\/strong>Group show<strong><br \/>Mar Arza, Ana Garcia-Pineda and Rosa Amor\u00f3s<br \/>Until September 23<\/strong><\/p>\r\n<p>Piramid\u00f3n, Centre d'Art Contemporani<br \/>Espacio industrial<br \/><strong>Juan Ort\u00ed<br \/><\/strong>Until November 8<\/p>\r\n<p><strong>Galeria Dartc<br \/><\/strong>Esferas cer\u00e1micas<br \/><strong>Igual, A. Ferrer, C. Rodr\u00edguez, E. Ramos, G. Trujillo, I. Bazaco, J. Panisello,<br \/>J.Marcet i R. Vila-Abadal, J. Pellicer, L. Pascual, M. Ming, M. Coma, M. Mir, M. Nadal, M. Pl\u00e0, M. Torras, M. Ayala, M. Ramon, N. Pi\u00e9, R. Andaluz, R. Cepedano, T. Elias and T. Pl\u00e0<br \/><\/strong>Until September 28<\/p>\r\n<p><strong>El torn Barcelona<br \/><\/strong>HighFire<br \/><strong>Garrigou, C. Janelle, S. Aguillera, N. Torres, M. McInturff, S. Pedro, L. Rice, P. Loew, S. Pulido, J. Weynacht, M. Epiney, J. Moussy, A. Guasch, I. Yundina, M. Turkington, M. Loew, A. Kryszewski, C. Bain, O. Walker, P. Nadal, M. Maceira and E. Kengen.<br \/><\/strong>Until September 16<\/p>\r\n<p><strong>Ronda Barcelona<br \/><\/strong>\u00c0nimes<br \/><strong>Merc\u00e8 Pla<br \/><\/strong>Until October 3<\/p>\r\n<p><strong>\u00a0Espai Els 4 Gats<br \/><\/strong>Cer\u00e0miques entre llibres<br \/><strong>Joan Panisello<br \/><\/strong>Until October 8<\/p>\r\n<p><strong>Galeria Esther Montoriol<br \/><\/strong>Matilde Grau\/Rosa Cortiella<br \/><strong>Rosa Cortiella and Matilde Grau<br \/><\/strong>Until September 30<\/p>\r\n<p><strong>Francesc Mestre Art<br \/><\/strong>Va de coure<br \/><strong>Barbaformosa<br \/><\/strong>Until September 29<\/p>\r\n<p><strong>Galeria Gothsland<br \/><\/strong>Contrapunt<br \/><strong>Jordi Serra and Joan Serra<br \/><\/strong>Until September 28<\/p>\r\n<p><strong>Galeria H2O<br \/><\/strong>Manantial<br \/><strong>Martin Ruiz de Az\u00faa<br \/><\/strong>Until September<\/p>\r\n<\/td>\r\n<td>\r\n<p><strong>Olivart Art Gallery<br \/><\/strong>Passat per foc<br \/><strong>Lidia Sevilla, Marlene Vite and Katsue Kusumi<br \/><\/strong>Until September 18<\/p>\r\n<p><strong>Imaginart Gallery<br \/><\/strong>Venus, cada dia<br \/><strong>Ana Rosenzweig<br \/><\/strong>Until October 7<\/p>\r\n<p><strong>It reminds me of something<br \/><\/strong>Fireworks-wood-fired ceramics<br \/><strong>Caterina Roma<br \/><\/strong>Until September 18<\/p>\r\n<p><strong>Galeria Joan Gaspar<br \/><\/strong>Latest works<br \/><strong>Claudi Casanovas<br \/><\/strong>Until October 15, 2016<\/p>\r\n<p><strong>Las cosas de Mart\u00ednez<br \/><\/strong>Fang en femen\u00ed<br \/><strong>Rivi\u00e8re, S. Pulido, M. Epiney, N. Torres, A. Gailmont, A. Deluna, I. Yudina, C. Janelle, O. Molina and Tinou<br \/><\/strong>Until September 25<\/p>\r\n<p><strong>Galeria N2<br \/><\/strong>Nens, globus i crispetes-sweet porcelain<br \/><strong>N\u00faria Torres<br \/><\/strong>Until October 19<\/p>\r\n<p><strong>Galeria Art Nou Mil\u00b7lenni<br \/><\/strong>Formes 2011-2016<br \/><strong>Joan Poch<br \/><\/strong>Until September 22<\/p>\r\n<p><strong>Espai Tiziana Tafuri<br \/><\/strong>Abrigando el vacio<br \/><strong>Tiziana Tafuri<br \/><\/strong>Until September 30<strong> <br \/><\/strong><\/p>\r\n<p>&nbsp;<\/p>\r\n<p><strong><span style=\"text-decoration: underline;\">OUTSIDE BARCELONA<\/span><\/strong><\/p>\r\n<p>AB Galeria d'Art. Granollers<br \/>Visible_Invisible<br \/><strong>Supi Hsu<br \/><\/strong>Until October 7<\/p>\r\n<p><strong>Galeria d'Art Canals. Sant Cugat del Vall\u00e8s<br \/><\/strong>Del fang al color<br \/><strong>Sergi Barnils (Room 1)<br \/><\/strong>Binomi arbre-home<br \/><strong>Joan Panisello (Room 2)<br \/><\/strong>Until October 12<\/p>\r\n<p><strong>Galeria Context. Sant Cugat del Vall\u00e8s<br \/><\/strong>30 years of ceramic jewellery 1986-2016<br \/><strong>N\u00faria \u00c1lvarez de Lara<br \/><\/strong>Topographies<br \/><strong>Arianna Russo<br \/><\/strong>Until October 30<\/p>\r\n<p><strong>Dterra Galeria - Taller. Sant Cugat del Vall\u00e8s<br \/><\/strong>The beauty of clay. Group exhibition of ceramic jewellery<br \/><strong>Giraldez, A. Berdichesky, B. Tor\u00e0, E. Girbes, G. Cohn, I. Batalla, J. McCaig, L. Jener, L. Gratac\u00f3s, N. Soley, P. Cotter, R. Ferreira, T. Fontane and T. Contreras.<br \/><\/strong>Until November 5<\/p>\r\n<p><strong>Espai G d'Art. Terrassa<br \/><\/strong>Reflexions mat\u00e8riques sobre l\u2019evoluci\u00f3<br \/><strong>Teresa Giron\u00e8s<br \/><\/strong>Until September 29<\/p>\r\n<\/td>\r\n<\/tr>\r\n<tr>\r\n<td colspan=\"2\">\u00a0<\/td>\r\n<\/tr>\r\n<\/tbody>\r\n<\/table>\r\n<p>&nbsp;<\/p>\r\n<table>\r\n<tbody>\r\n<tr>\r\n<td><hr \/><\/td>\r\n<\/tr>\r\n<\/tbody>\r\n<\/table>\r\n<table>\r\n<tbody>\r\n<tr>\r\n<td>\r\n<p><span style=\"text-decoration: underline;\">Design Museum of Barcelona<\/span><br \/><a href=\"http:\/\/www.museudeldisseny.cat\/en\" target=\"_blank\">www.museudeldisseny.cat<\/a><\/p>\r\n<ul>\r\n<li>AIC members' exhibition, around the topic \u201cCeramics in Architecture and Public Space\u201d<\/li>\r\n<li>Ceramic section of the museum.<\/li>\r\n<li>\u201cCeramics and Architecture in the Mediterranean Area\u201d (provisional title) produced by the Design Museum of Barcelona and curated by the architect Pedro Azara.<\/li>\r\n<li>Processos - Ceramica Cumella, exhibition about the most important producer in contemporary architectural ceramic in Spain, Ceramica Cumella.<\/li>\r\n<\/ul>\r\n[caption id=\"attachment_286\" align=\"alignnone\" width=\"1500\"]<img class=\"wp-image-286 size-full\" src=\"https:\/\/barcelona2016.aic-iac.org\/wp-content\/uploads\/sites\/6\/2015\/09\/L6_S-Familia_pinacle-copie.jpg\" alt=\"L6_S-Familia_pinacle - copie\" width=\"1500\" height=\"1176\" \/> Basilica of the Sagrada Familia, detail of pinnacle[\/caption]\r\n<p>&nbsp;<\/p>\r\n<p><span style=\"text-decoration: underline;\">Picasso Museum<\/span><br \/><a href=\"http:\/\/www.museupicasso.bcn.cat\/en\" target=\"_blank\">www.museupicasso.bcn.cat<\/a><\/p>\r\n<p>Special rooms of Picasso ceramics prepared for the IAC Congress, photographs of the author making pottery and posters of his ceramics exhibitions in Vallauris (France).<\/p>\r\n<p>&nbsp;<\/p>\r\n<p><span style=\"text-decoration: underline;\">Joan Mir\u00f3 Foundation<\/span><br \/><a href=\"http:\/\/www.fmirobcn.org\/en\" target=\"_blank\">www.fmirobcn.org<\/a><\/p>\r\n<p>Visit to permanent collection, which includes some ceramic works made by Joan Mir\u00f3 and a special exhibition to be determined.<\/p>\r\n[caption id=\"attachment_287\" align=\"alignnone\" width=\"2000\"]<img class=\"wp-image-287 size-full\" src=\"https:\/\/barcelona2016.aic-iac.org\/wp-content\/uploads\/sites\/6\/2015\/09\/L8_ACC_sala_expos-copie.jpg\" alt=\"L8_ACC_sala_expos - copie\" width=\"2000\" height=\"1500\" \/> Association of Catalan Ceramists[\/caption]\r\n<p>&nbsp;<\/p>\r\n<p><span style=\"text-decoration: underline;\">National Art Museum of Catalonia\u2014MNAC<\/span><br \/><a href=\"http:\/\/www.museunacional.cat\/en\" target=\"_blank\">www.museunacional.cat<\/a><\/p>\r\n<p>Visit to the special activities prepared for AIC congress:<\/p>\r\n<ul>\r\n<li>Permanent collection with ceramic pieces related to the ones that appear in some classical and modern paintings.<\/li>\r\n<li>Dialogues of contemporary ceramics and classic masterpieces of the museum. Artists to be determined.<\/li>\r\n<li>Large ceramic mural created by Joan Mir\u00f3 and J. Gardy Artigas.<\/li>\r\n<\/ul>\r\n[caption id=\"attachment_289\" align=\"alignnone\" width=\"2303\"]<img class=\"wp-image-289 size-full\" src=\"https:\/\/barcelona2016.aic-iac.org\/wp-content\/uploads\/sites\/6\/2015\/09\/L12_P-musica.jpg\" alt=\"L12_P-musica\" width=\"2303\" height=\"1535\" \/> Palau de la M\u00fasica, concert Hall, Ceramics application detail[\/caption]\r\n<p>&nbsp;<\/p>\r\n<p><span style=\"text-decoration: underline;\">Crafts Center of Catalonia (Artesania Catalunya)<em><br \/><\/em><\/span>Center of the CCAM (Crafts Consortium) of the Generalitat de Catalunya (Government of Catalonia).\u00a0Visit to a special double exhibition for the IAC Congress:<\/p>\r\n<ul>\r\n<li>Contemporary ceramics of Catalonia<\/li>\r\n<li>Young Catalan ceramists<\/li>\r\n<\/ul>\r\n<p>&nbsp;<\/p>\r\n<p><span style=\"text-decoration: underline;\">Barcelona Face<br \/><\/span>1992,\u00a0Public sculpture made of ceramics<br \/>Author: Roy Lichtenstein (visit)<\/p>\r\n<p>&nbsp;<\/p>\r\n<p><span style=\"text-decoration: underline;\">Batll\u00f3 House (Casa Batll\u00f3)<\/span><br \/><a href=\"https:\/\/www.casabatllo.es\/en\/\" target=\"_blank\">www.casabatllo.es<\/a><\/p>\r\n<p>The\u00a0Batll\u00f3 House (1905-1907) is a masterpiece by Antoni Gaud\u00ed. Behind the exceptional Modernist facade, reflecting a calm sea, a world of surprises and refined architectural details is hidden.<\/p>\r\n<p>&nbsp;<\/p>\r\n<p><span style=\"text-decoration: underline;\">Amatller House (Casa Amatller)<\/span><br \/><a href=\"http:\/\/www.amatller.org\/\" target=\"_blank\">www.amatller.org<\/a><\/p>\r\n<p>Modernist house built between 1898-1900 by the architect Josep Puig i Cadafalch (1867-1956). It has important ceramic applications both on the facade and in the interior. Currently it houses the Amatller Institute of Hispanic Art Foundation.<\/p>\r\n[caption id=\"attachment_292\" align=\"alignnone\" width=\"4000\"]<img class=\"wp-image-292 size-full\" src=\"https:\/\/barcelona2016.aic-iac.org\/wp-content\/uploads\/sites\/6\/2015\/09\/L20_Palau_Guell.jpg\" alt=\"L20_Palau_Guell\" width=\"4000\" height=\"2248\" \/> A. Gaud\u00ed. Palau G\u00fcell[\/caption]\r\n<p>&nbsp;<\/p>\r\n<p><span style=\"text-decoration: underline;\">Palau G\u00fcell<\/span><br \/><a href=\"http:\/\/palauguell.cat\/en\" target=\"_blank\">www.palauguell.cat<\/a><\/p>\r\n<p>Palau G\u00fcell is a building designed by the architect Antoni Gaud\u00ed, foremost exponent of Catalan Modernism, between 1885 and 1900. The palace is located on Carrer Nou de la Rambla, in the Raval neighbourhood.<\/p>\r\n<\/td>\r\n<td>\r\n<p><span style=\"text-decoration: underline;\">Park G\u00fcell<\/span><br \/><a href=\"http:\/\/www.parkguell.cat\/en\/\" target=\"_blank\">www.parkguell.cat<\/a><\/p>\r\n<p>Park G\u00fcell, by Antoni Gaud\u00ed, is a large garden featuring architectural elements with important applications in ceramics, located in the upper part of Barcelona, built between 1900 and 1914.\u00a0\u00a0<\/p>\r\n<p>&nbsp;<\/p>\r\n<p><span style=\"text-decoration: underline;\">Basilica of the Sagrada Fam\u00edlia<br \/><\/span><a href=\"http:\/\/www.sagradafamilia.org\/en\" target=\"_blank\">www.sagradafamilia.org<\/a><\/p>\r\n<p>1882 - (under construction)<br \/>Architect Antoni Gaud\u00ed i Cornet (1852-1926)<br \/>Declared a World Heritage Site by UNESCO<\/p>\r\n<p>This is the most emblematic building of the brilliant Catalan architect Antoni Gaud\u00ed (1852-1926). Construction began in 1882 and it is not expected to be completed until 2026. It has ceramic applications of great visual impact.<\/p>\r\n<p>&nbsp;<\/p>\r\n<p><span style=\"text-decoration: underline;\">Museum of Contemporary Art, MACBA<\/span><br \/><a href=\"http:\/\/www.macba.cat\" target=\"_blank\">www.macba.cat<br \/><\/a><br \/>Special activity during the congress to be decided.<\/p>\r\n[caption id=\"attachment_1107\" align=\"alignnone\" width=\"4000\"]<img class=\"wp-image-1107 size-full\" src=\"https:\/\/barcelona2016.aic-iac.org\/wp-content\/uploads\/sites\/6\/2015\/09\/F7macbacopie.jpg\" alt=\"F7macbacopie\" width=\"4000\" height=\"3000\" \/> MACBA[\/caption]\r\n<p>&nbsp;<\/p>\r\n<p><span style=\"text-decoration: underline;\">Association of Catalan Ceramists, ACC<\/span><br \/><a href=\"www.ceramistescat.org\" target=\"_blank\">www.ceramistescat.org<\/a><a href=\"www.ceramistescat.org\" target=\"_blank\"><br \/><\/a><br \/>Exhibition of members of the association<\/p>\r\n<p>&nbsp;<\/p>\r\n<p><span style=\"text-decoration: underline;\">Antoni T\u00e0pies Foundation<\/span><br \/><a href=\"http:\/\/www.fundacioenricmiralles.com\/?lang=en\" target=\"_blank\">www.fundacioenricmiralles.com<\/a><\/p>\r\n<p>Ceramic and other works of Antoni T\u00e0pies, one of the most important contemporary artists in Spain (1923-2012).<\/p>\r\n[caption id=\"attachment_290\" align=\"alignnone\" width=\"2000\"]<img class=\"wp-image-290 size-full\" src=\"https:\/\/barcelona2016.aic-iac.org\/wp-content\/uploads\/sites\/6\/2015\/09\/L15_B-Pepper-copie.jpg\" alt=\"L15_B-Pepper - copie\" width=\"2000\" height=\"1500\" \/> Pepper \u201cSun and shade\u201d[\/caption]\r\n<p>&nbsp;<\/p>\r\n<p><span style=\"text-decoration: underline;\">Enric Miralles Foundation<\/span><br \/><a href=\"http:\/\/www.fundacioenricmiralles.com\/?lang=en\" target=\"_blank\">www.fundacioenricmiralles.com<\/a><\/p>\r\n<p>Architect Enric Miralles (1955-2000) was a pioneer in applying ceramics in contemporary architecture, as Santa Caterina Market in Barcelona. Special exhibition of architectural projects of Miralles and his colleague and wife, Benedetta Tagliabue.<\/p>\r\n<p>&nbsp;<\/p>\r\n<p><span style=\"text-decoration: underline;\">Santa Caterina Market<br \/><\/span><a href=\"http:\/\/www.mercatsantacaterina.com\/Index.php\" target=\"_blank\">www.mercatsantacaterina.com<\/a><\/p>\r\n<p>1847, remodelled in 2005 by Enric Miralles.<br \/>Ceramic Roof by Ceramica Cumella <br \/>Special visit for IAC Congress participants.<\/p>\r\n<dl id=\"attachment_498\" class=\"wp-caption alignnone\" style=\"width: 2510px;\">\r\n<dt class=\"wp-caption-dt\">\r\n[caption id=\"attachment_498\" align=\"alignnone\" width=\"2500\"]<img class=\"wp-image-498 size-full\" src=\"https:\/\/barcelona2016.aic-iac.org\/wp-content\/uploads\/sites\/6\/2015\/09\/F10_StaCaterina.jpg\" alt=\"Projekt: Mercado, Barcelona Architekt: Miralles Taliabue\" width=\"2500\" height=\"1128\" \/> Santa Caterina Market[\/caption]\r\n<\/dt>\r\n<\/dl>\r\n<p><span style=\"text-decoration: underline;\">Sol i ombra\u2014Sun and shade<br \/><\/span>1991, Public sculpture<br \/>Author: Beverly Pepper (visit)<\/p>\r\n<p>&nbsp;<\/p>\r\n<p><span style=\"text-decoration: underline;\">Palau de la M\u00fasica Catalana<\/span><br \/><a href=\"http:\/\/www.palaumusica.cat\/en\" target=\"_blank\">www.palaumusica.cat<\/a><\/p>\r\n<p>1905, Architect Llu\u00eds Dom\u00e8nech i Montaner\u00a0(1850-1923).\u00a0Declared World Heritage Site by UNESCO<br \/>Visit to ceramic ressources.<\/p>\r\n<p>&nbsp;<\/p>\r\n<p><span style=\"text-decoration: underline;\">Dona i ocell\u2014Woman and bird<br \/><\/span>1982, Public sculpture with ceramics applications.<br \/>Author: Joan Mir\u00f3<\/p>\r\n<p>&nbsp;<\/p>\r\n<p><span style=\"text-decoration: underline;\">CaixaForum Barcelona (former Casaramona factory)<\/span><br \/><a href=\"http:\/\/obrasocial.lacaixa.es\/laCaixaFoundation\/home_en.html\" target=\"_blank\">www.obrasocial.lacaixa.es<\/a><\/p>\r\n<p>1912, Architect Josep Puig i Cadafalch.<br \/>Important Modernist building made of exposed brick, headquarters of CaixaForum Barcelona, where major temporary exhibitions are presented by \"la Caixa\" Foundation.<\/p>\r\n<p>&nbsp;<\/p>\r\n<p><span style=\"text-decoration: underline;\">La Pedrera\u2014Mil\u00e0 House (Casa Mil\u00e0)<\/span><br \/><a href=\"http:\/\/www.lapedrera.com\/en\/home\" target=\"_blank\">www.lapedrera.com<\/a><\/p>\r\n<p>Architect Antoni Gaud\u00ed i Cornet (1852-1926).<br \/>One of Gaudi's most important buildings, built between 1906-1910. It is owned and managed by La Pedrera Foundation. It houses the Gaud\u00ed Space.<\/p>\r\n[caption id=\"attachment_288\" align=\"alignnone\" width=\"3072\"]<img class=\"wp-image-288 size-full\" src=\"https:\/\/barcelona2016.aic-iac.org\/wp-content\/uploads\/sites\/6\/2015\/09\/L9_F-Tapies.jpg\" alt=\"L9_F-Tapies\" width=\"3072\" height=\"2048\" \/> Antoni T\u00e0pies Foundation[\/caption]\r\n<p>&nbsp;<\/p>\r\n<p><span style=\"text-decoration: underline;\">Barcelona Face<br \/><\/span>1992 Public sculpture made of ceramics<br \/>Author: Roy Lichtenstein (visit)<\/p>\r\n<p><span class=\"caption\"><img class=\"alignnone size-full wp-image-500\" src=\"https:\/\/barcelona2016.aic-iac.org\/wp-content\/uploads\/sites\/6\/2015\/09\/F13_Lichtenstein_2.jpg\" alt=\"F13_Lichtenstein_2\" width=\"3264\" height=\"2448\" \/>Roy Lichtenstein, Barcelona Face\u00a0<br \/><\/span><\/p>\r\n<p>&nbsp;<\/p>\r\n<p>&nbsp;<\/p>\r\n<\/td>\r\n<\/tr>\r\n<\/tbody>\r\n<\/table>\r\n<p>&nbsp;<\/p>","_en_post_name":"extra-visit-in-barcelona","_en_post_excerpt":"Places of ceramic interest for visits during or after the Congress ","_en_post_title":"ADDITIONAL CERAMIC CIRCUITS IN BARCELONA","_fr_post_content":"<table>\r\n<tbody>\r\n<tr>\r\n<td colspan=\"2\">\r\n[caption id=\"attachment_283\" align=\"alignnone\" width=\"2000\"]<img class=\"wp-image-283 size-full\" src=\"https:\/\/barcelona2016.aic-iac.org\/wp-content\/uploads\/sites\/6\/2015\/09\/L10_F-Miralles-copie.jpg\" alt=\"L10_F-Miralles - copie\" width=\"2000\" height=\"1334\" \/> Enric Miralles Foundation[\/caption]\r\n<\/td>\r\n<\/tr>\r\n<tr>\r\n<td>\u00a0L\u2019organisation encourage les participants du Congr\u00e8s de l\u2019IAC \u00e0 rester \u00e0 Barcelone pendant le weekend apr\u00e8s la conf\u00e9rence pour profiter de cette opportunit\u00e9 pour visiter d\u2019autres lieux ainsi que des expositions de grand int\u00e9r\u00eat c\u00e9ramique que la ville offrira durant ces journ\u00e9es, et qu\u2019ils n\u2019auront peut-\u00eatre pas le temps de visiter pendant les journ\u00e9es de conf\u00e9rence.\r\n<p>&nbsp;<\/p>\r\n<\/td>\r\n<td>\u00a0Bien entendu, les monuments et les lieux de grand int\u00e9r\u00eat c\u00e9ramique inclus pendant les visites les apr\u00e8s-midis et en soir\u00e9e lors du congr\u00e8s peuvent \u00eatre aussi visit\u00e9s pendant le weekend si certains n\u2019en ont pas eu la chance de les d\u00e9couvrir, faute de places disponibles. Ces visites libres ne sont pas guid\u00e9es par l\u2019organisation. Grand nombre d\u2019offres de cette section ne sont pas incluses dans le programme journalier du congr\u00e8s.<\/td>\r\n<\/tr>\r\n<tr>\r\n<td colspan=\"2\"><hr \/><\/td>\r\n<\/tr>\r\n<tr>\r\n<td>\r\n<p><span style=\"text-decoration: underline;\">Expositions de c\u00e9ramique contemporaine en galeries d\u2019art<\/span><\/p>\r\n<p>A Barcelone, environ trente galeries pr\u00e9senteront des expositions bas\u00e9es sur la c\u00e9ramique pendant la conf\u00e9rence de l\u2019IAC. Les galeries sont comprises dans le programme et les auteurs expos\u00e9s seront prochainement annonc\u00e9s.<\/p>\r\n<p>Expositions de c\u00e9ramique contemporaine, liste des galeries participantes : (liste en anglais seulement)<\/p>\r\n<\/td>\r\n<td>\u00a0<a href=\"https:\/\/barcelona2016.aic-iac.org\/wp-content\/uploads\/sites\/6\/2015\/09\/CICUITS-CERAMICS-AIC2016.pdf\">Carte des galeries &gt; Cliquez ici<\/a><\/td>\r\n<\/tr>\r\n<tr>\r\n<td colspan=\"2\"><hr \/><\/td>\r\n<\/tr>\r\n<\/tbody>\r\n<\/table>\r\n<p>&nbsp;<\/p>\r\n<table>\r\n<tbody>\r\n<tr>\r\n<td>\r\n<p><u>Joint inaugural act: <br \/><\/u>Thursday, September 8 at 19.00h. At MACBA - Museu d\u2019Art Contemporani de Barcelona<\/p>\r\n<p><strong>Artevistas Gallery<br \/><\/strong>Corps et architecture<br \/><strong>Laurent Dufour \/ Suso Dobao<br \/><\/strong>Until September 25<\/p>\r\n<p><strong>Galeria Barcel-one<br \/><\/strong>Terra i foc <strong>Picasso, J. Mir\u00f3, J. Cocteau, R. Silvestrini, A. Felipe, M. Sala, F. Ceramique, J. Rothfuss and A. Val\u00e9s<br \/><\/strong>Until September 25<\/p>\r\n<p><strong>Galeria Beaskoa<br \/><\/strong>Figura fictile<br \/><strong>Thiesmeyer, A. Rosenzweig, R. Hern\u00e1ndez, J. Davila, P. Rodriguez, A. Garcia, M. Gali\u00e0, G. Armadas, S. Draper and M. Rius.<br \/><\/strong>Until September 24<\/p>\r\n<p><strong>Cad\u00e0ver Exquisit<br \/><\/strong>El jard\u00edn de las del\u00edcias<br \/><strong>Sophie Aguilera and Olivia Walker<br \/><\/strong>Until September 25<\/p>\r\n<p><strong>Roc\u00edo SantaCruz Art<br \/><\/strong>Group show<strong><br \/>Mar Arza, Ana Garcia-Pineda and Rosa Amor\u00f3s<br \/>Until September 23<\/strong><\/p>\r\n<p>Piramid\u00f3n, Centre d'Art Contemporani<br \/>Espacio industrial<br \/><strong>Juan Ort\u00ed<br \/><\/strong>Until November 8<\/p>\r\n<p><strong>Galeria Dartc<br \/><\/strong>Esferas cer\u00e1micas<br \/><strong>Igual, A. Ferrer, C. Rodr\u00edguez, E. Ramos, G. Trujillo, I. Bazaco, J. Panisello,<br \/>J.Marcet i R. Vila-Abadal, J. Pellicer, L. Pascual, M. Ming, M. Coma, M. Mir, M. Nadal, M. Pl\u00e0, M. Torras, M. Ayala, M. Ramon, N. Pi\u00e9, R. Andaluz, R. Cepedano, T. Elias and T. Pl\u00e0<br \/><\/strong>Until September 28<\/p>\r\n<p><strong>El torn Barcelona<br \/><\/strong>HighFire<br \/><strong>Garrigou, C. Janelle, S. Aguillera, N. Torres, M. McInturff, S. Pedro, L. Rice, P. Loew, S. Pulido, J. Weynacht, M. Epiney, J. Moussy, A. Guasch, I. Yundina, M. Turkington, M. Loew, A. Kryszewski, C. Bain, O. Walker, P. Nadal, M. Maceira and E. Kengen.<br \/><\/strong>Until September 16<\/p>\r\n<p><strong>Ronda Barcelona<br \/><\/strong>\u00c0nimes<br \/><strong>Merc\u00e8 Pla<br \/><\/strong>Until October 3<\/p>\r\n<p><strong>\u00a0Espai Els 4 Gats<br \/><\/strong>Cer\u00e0miques entre llibres<br \/><strong>Joan Panisello<br \/><\/strong>Until October 8<\/p>\r\n<p><strong>Galeria Esther Montoriol<br \/><\/strong>Matilde Grau\/Rosa Cortiella<br \/><strong>Rosa Cortiella and Matilde Grau<br \/><\/strong>Until September 30<\/p>\r\n<p><strong>Francesc Mestre Art<br \/><\/strong>Va de coure<br \/><strong>Barbaformosa<br \/><\/strong>Until September 29<\/p>\r\n<p><strong>Galeria Gothsland<br \/><\/strong>Contrapunt<br \/><strong>Jordi Serra and Joan Serra<br \/><\/strong>Until September 28<\/p>\r\n<p><strong>Galeria H2O<br \/><\/strong>Manantial<br \/><strong>Martin Ruiz de Az\u00faa<br \/><\/strong>Until September<\/p>\r\n<\/td>\r\n<td>\r\n<p><strong>Olivart Art Gallery<br \/><\/strong>Passat per foc<br \/><strong>Lidia Sevilla, Marlene Vite and Katsue Kusumi<br \/><\/strong>Until September 18<\/p>\r\n<p><strong>Imaginart Gallery<br \/><\/strong>Venus, cada dia<br \/><strong>Ana Rosenzweig<br \/><\/strong>Until October 7<\/p>\r\n<p><strong>It reminds me of something<br \/><\/strong>Fireworks-wood-fired ceramics<br \/><strong>Caterina Roma<br \/><\/strong>Until September 18<\/p>\r\n<p><strong>Galeria Joan Gaspar<br \/><\/strong>Latest works<br \/><strong>Claudi Casanovas<br \/><\/strong>Until October 15, 2016<\/p>\r\n<p><strong>Las cosas de Mart\u00ednez<br \/><\/strong>Fang en femen\u00ed<br \/><strong>Rivi\u00e8re, S. Pulido, M. Epiney, N. Torres, A. Gailmont, A. Deluna, I. Yudina, C. Janelle, O. Molina and Tinou<br \/><\/strong>Until September 25<\/p>\r\n<p><strong>Galeria N2<br \/><\/strong>Nens, globus i crispetes-sweet porcelain<br \/><strong>N\u00faria Torres<br \/><\/strong>Until October 19<\/p>\r\n<p><strong>Galeria Art Nou Mil\u00b7lenni<br \/><\/strong>Formes 2011-2016<br \/><strong>Joan Poch<br \/><\/strong>Until September 22<\/p>\r\n<p><strong>Espai Tiziana Tafuri<br \/><\/strong>Abrigando el vacio<br \/><strong>Tiziana Tafuri<br \/><\/strong>Until September 30<strong> <br \/><\/strong><\/p>\r\n<p>&nbsp;<\/p>\r\n<p><strong><span style=\"text-decoration: underline;\">OUTSIDE BARCELONA<\/span><\/strong><\/p>\r\n<p>AB Galeria d'Art. Granollers<br \/>Visible_Invisible<br \/><strong>Supi Hsu<br \/><\/strong>Until October 7<\/p>\r\n<p><strong>Galeria d'Art Canals. Sant Cugat del Vall\u00e8s<br \/><\/strong>Del fang al color<br \/><strong>Sergi Barnils (Room 1)<br \/><\/strong>Binomi arbre-home<br \/><strong>Joan Panisello (Room 2)<br \/><\/strong>Until October 12<\/p>\r\n<p><strong>Galeria Context. Sant Cugat del Vall\u00e8s<br \/><\/strong>30 years of ceramic jewellery 1986-2016<br \/><strong>N\u00faria \u00c1lvarez de Lara<br \/><\/strong>Topographies<br \/><strong>Arianna Russo<br \/><\/strong>Until October 30<\/p>\r\n<p><strong>Dterra Galeria - Taller. Sant Cugat del Vall\u00e8s<br \/><\/strong>The beauty of clay. Group exhibition of ceramic jewellery<br \/><strong>Giraldez, A. Berdichesky, B. Tor\u00e0, E. Girbes, G. Cohn, I. Batalla, J. McCaig, L. Jener, L. Gratac\u00f3s, N. Soley, P. Cotter, R. Ferreira, T. Fontane and T. Contreras.<br \/><\/strong>Until November 5<\/p>\r\n<p><strong>Espai G d'Art. Terrassa<br \/><\/strong>Reflexions mat\u00e8riques sobre l\u2019evoluci\u00f3<br \/><strong>Teresa Giron\u00e8s<br \/><\/strong>Until September 29<\/p>\r\n<\/td>\r\n<\/tr>\r\n<\/tbody>\r\n<\/table>\r\n<p>&nbsp;<\/p>\r\n<p>&nbsp;<\/p>","_fr_post_name":"extra-visit-in-barcelona","_fr_post_excerpt":"A Barcelone, environ trente galeries pr\u00e9senteront des expositions bas\u00e9es sur la c\u00e9ramique pendant la conf\u00e9rence de l\u2019IAC","_fr_post_title":"CIRCUIT C\u00c9RAMIQUE DES GALERIES D\u2019ART ET AUTRES ACTIVIT\u00c9S","_es_post_content":"<table>\r\n<tbody>\r\n<tr>\r\n<td colspan=\"2\">\r\n[caption id=\"attachment_283\" align=\"alignnone\" width=\"2000\"]<img class=\"wp-image-283 size-full\" src=\"https:\/\/barcelona2016.aic-iac.org\/wp-content\/uploads\/sites\/6\/2015\/09\/L10_F-Miralles-copie.jpg\" alt=\"L10_F-Miralles - copie\" width=\"2000\" height=\"1334\" \/> Enric Miralles Foundation[\/caption]\r\n<\/td>\r\n<\/tr>\r\n<tr>\r\n<td>\r\n<p><span style=\"text-decoration: underline;\">Exposiciones de cer\u00e1mica contempor\u00e1nea en galer\u00edas de arte<\/span><\/p>\r\n<p>Una treintena de galer\u00edas de Barcelona y ciudades pr\u00f3ximas presentar\u00e1n exposiciones especiales de cer\u00e1mica durante el congreso de la AIC.<\/p>\r\n<\/td>\r\n<td>\r\n<p>Exposicions de cer\u00e0mica contempor\u00e0nia en galeries d'art M\u00e9s de vint-i-cinc galeries de Barcelona i el seu entorn presenten exposicions especials de cer\u00e0mica durant el congr\u00e9s de la AIC, una prova demostrativa de la gran implicaci\u00f3 del teixit social i cultural en aquest esdeveniment. Els codis es corresponen amb la ubicaci\u00f3 del pl\u00e0nol guia dels Circuits Cer\u00e0mics que s\u2019ha editat a part.\u00a0<\/p>\r\n<p><a href=\"https:\/\/barcelona2016.aic-iac.org\/wp-content\/uploads\/sites\/6\/2015\/09\/CICUITS-CERAMICS-AIC2016.pdf\">&gt;&gt; lista de galer\u00edas<\/a><\/p>\r\n<\/td>\r\n<\/tr>\r\n<tr>\r\n<td>\r\n<p>Acte inaugural conjunt: Dijous 8 de setembre a les 19.00h. al MACBA - Museu d\u2019Art Contemporani de Barcelona.<br \/>\u00a0<br \/>GALERIES A BARCELONA<\/p>\r\n<p>01. Artevistas Gallery<br \/>Corps et architecture<br \/>Laurent Dufour \/ Suso Dobao<br \/>Fins el 25 de setembre<\/p>\r\n<p>02. Galeria Barcel-one<br \/>Terra i foc<br \/>P. Picasso, J. Mir\u00f3, J. Cocteau, R. Silvestrini, A. Felipe, M. Sala, F. Ceramique, J. Rothfuss i A.<br \/>Val\u00e9s.<br \/>Fins el 28 de setembre<\/p>\r\n<p>03. Galeria Beaskoa<br \/>Figura fictile<br \/>B. Thiesmeyer, A. Rosenzweig, R. Hern\u00e1ndez, J. Davila, P. Rodriguez, A. Garcia, M. Gali\u00e0, G.<br \/>Armadas, S. Draper i M. Rius.<br \/>Fins el 24 de setembre<\/p>\r\n<p>04. Cad\u00e0ver Exquisit<br \/>El jard\u00edn de las del\u00edcias<br \/>Sophie Aguilera i Olivia Walker.<br \/>Fins el 25 de setembre<\/p>\r\n<p>05. Roc\u00edo SantaCruz Art<br \/>Mostra col\u00b7lectiva<br \/>Mar Arza, Ana Garcia-Pineda i Rosa Amor\u00f3s<br \/>Fins el 23 de setembre<\/p>\r\n<p>06. Piramid\u00f3n, Centre d'Art Contemporani<br \/>Espacio industrial<br \/>Juan Ort\u00ed<br \/>Fins el 8 de novembre<\/p>\r\n<p>07. Galeria Dartc<br \/>Esferas cer\u00e1micas<br \/>A. Igual, A. Ferrer, C. Rodr\u00edguez, E. Ramos, G. Trujillo, I. Bazaco, J. Panisello,<br \/>J.Marcet i R. Vila-Abadal, J. Pellicer, L. Pascual, M. Ming, M. Coma, M. Mir, M. Nadal, M. Pl\u00e0, M.<br \/>Torras, M. Ayala, M. Ramon, N. Pi\u00e9, R. Andaluz, R. Cepedano, T. Elias i T. Pla.<br \/>Fins el 28 de setembre 33<\/p>\r\n<p>08. El torn Barcelona<br \/>HighFire<br \/>A. Garrigou, C. Janelle, S. Aguillera, N. Torres, M. McInturff, S. Pedro, L. Rice, P. Loew, S. Pulido,<br \/>J. Weynacht, M. Epiney, J. Moussy, A. Guasch, I. Yundina, M. Turkington, M. Loew, A.<br \/>Kryszewski, C. Bain, O. Walker, P. Nadal, M. Maceira i E. Kengen.<br \/>Fins el 16 de setembre<\/p>\r\n<p>09. Ronda Barcelona<br \/>\u00c0nimes<br \/>Merc\u00e8 Pla<br \/>Fins el 3 d\u2019octubre<\/p>\r\n<p>10. Espai Els 4 Gats<br \/>Cer\u00e0miques entre llibres<br \/>Joan Panisello<br \/>Fins el 8 d\u2019octubre<\/p>\r\n<p>11. Galeria Esther Montoriol<br \/>Matilde Grau\/Rosa Cortiella<br \/>Rosa Cortiella i Matilde Grau.<br \/>Fins el 30 de setembre<\/p>\r\n<p>12. Francesc Mestre Art<br \/>Va de coure<br \/>Barbaformosa<br \/>Fins el 29 de setembre<\/p>\r\n<p>13. Galeria Gothsland<br \/>Contrapunt<br \/>Jordi Serra i Joan Serra.<br \/>Fins el 28 de setembre<\/p>\r\n<\/td>\r\n<td>\r\n<p>14. Galeria H2O<br \/>Manantial<br \/>Martin Ruiz de Az\u00faa<br \/>Fins el 30 de setembre<\/p>\r\n<p>15. Olivart Art Gallery<br \/>Passat per foc<br \/>Lidia Sevilla, Marlene Vite i Katsue Kusumi.<br \/>Fins el 18 de setembre<\/p>\r\n<p>16. Imaginart Gallery<br \/>Venus, cada dia<br \/>Ana Rosenzweig<br \/>Fins el 7 d\u2019octubre 34<br \/><br \/>17. It reminds me of something<br \/>Fireworks-wood-fired ceramics<br \/>Caterina Roma<br \/>Fins el 18 de setembre<br \/><br \/>18. Galeria Joan Gaspar<br \/>Darrers treballs<br \/>Claudi Casanovas<br \/>Fins el 15 d\u2019octubre de 2016<br \/><br \/>19. Las cosas de Mart\u00ednez<br \/>Fang en femen\u00ed<br \/>L. Rivi\u00e8re, S. Pulido, M. Epiney, N. Torres, A. Gailmont, A. Deluna, I. Yudina, C. Janelle, O. Molina<br \/>i Tinou.<br \/>Fins el 25 de setembre<br \/><br \/>20. Galeria N2<br \/>Nens, globus i crispetes-sweet porcelain<br \/>N\u00faria Torres<br \/>Fins el 19 d\u2019octubre<br \/><br \/>21. Galeria Art Nou Mil\u00b7lenni<br \/>Formes 2011-2016<br \/>Joan Poch<br \/>Fins el 22 de setembre<br \/><br \/>22. Espai Tiziana Tafuri<br \/>Abrigando el vacio<br \/>Tiziana Tafuri<br \/>Fins el 30 de setembre<\/p>\r\n<hr \/>\r\n<p>GALERIES FORA DE BARCELONA<br \/><br \/>23. AB Galeria d'Art. Granollers<br \/>Visible_Invisible<br \/>Supi Hsu<br \/>Fins el 07 d\u2019octubre<br \/><br \/>24. Galeria d'Art Canals. Sant Cugat del Vall\u00e8s<br \/>Del fang al color<br \/>Sergi Barnils (Sala 1)<br \/>Binomi arbre-home<br \/>Joan Panisello (Sala 2)<br \/>Fins el 12 d\u2019octubre<br \/><br \/>25. Galeria Context. Sant Cugat del Vall\u00e8s<br \/>30 anys de joies amb cer\u00e0mica 1986-2016<br \/>N\u00faria \u00c1lvarez de Lara<br \/>Topografies<br \/>Arianna Russo<br \/>Fins el 30 d\u2019octubre<\/p>\r\n<p>26. Dterra Galeria - Taller. Sant Cugat del Vall\u00e8s<br \/>The beauty of clay. Exposici\u00f3 col\u00b7lectiva de joies de cer\u00e0mica<br \/>A. Giraldez, A. Berdichesky, B. Tor\u00e0, E. Girbes, G. Cohn, I. Batalla, J. McCaig, L. Jener, L. Gratac\u00f3s,<br \/>N. Soley, P. Cotter, R. Ferreira, T. Fontane i T. Contreras.<br \/>Fins el 5 de novembre<\/p>\r\n<p>27. Espai G d'Art. Terrassa<br \/>Reflexions mat\u00e8riques sobre l\u2019evoluci\u00f3<br \/>Teresa Giron\u00e8s<br \/>Fins el 29 de setembre<\/p>\r\n<\/td>\r\n<\/tr>\r\n<tr>\r\n<td colspan=\"2\">\u00a0<\/td>\r\n<\/tr>\r\n<tr>\r\n<td colspan=\"2\">\u00a0<\/td>\r\n<\/tr>\r\n<\/tbody>\r\n<\/table>\r\n<p>&nbsp;<\/p>\r\n<p>&nbsp;<\/p>\r\n<p>&nbsp;<\/p>","_es_post_name":"extra-visit-in-barcelona","_es_post_excerpt":"Exposiciones de cer\u00e1mica contempor\u00e1nea en galer\u00edas de arte","_es_post_title":"CIRCUITO CER\u00c1MICO EN GALER\u00cdAS DE ARTE EN BARCELONA Y ALREDEDORES","_ca_post_content":"","_ca_post_name":"","_ca_post_excerpt":"","_ca_post_title":"","edit_language":"fr","footnotes":""},"class_list":["post-280","page","type-page","status-publish","has-post-thumbnail","hentry"],"_links":{"self":[{"href":"https:\/\/barcelona2016.aic-iac.org\/fr\/wp-json\/wp\/v2\/pages\/280","targetHints":{"allow":["GET"]}}],"collection":[{"href":"https:\/\/barcelona2016.aic-iac.org\/fr\/wp-json\/wp\/v2\/pages"}],"about":[{"href":"https:\/\/barcelona2016.aic-iac.org\/fr\/wp-json\/wp\/v2\/types\/page"}],"author":[{"embeddable":true,"href":"https:\/\/barcelona2016.aic-iac.org\/fr\/wp-json\/wp\/v2\/users\/4"}],"replies":[{"embeddable":true,"href":"https:\/\/barcelona2016.aic-iac.org\/fr\/wp-json\/wp\/v2\/comments?post=280"}],"version-history":[{"count":63,"href":"https:\/\/barcelona2016.aic-iac.org\/fr\/wp-json\/wp\/v2\/pages\/280\/revisions"}],"predecessor-version":[{"id":2197,"href":"https:\/\/barcelona2016.aic-iac.org\/fr\/wp-json\/wp\/v2\/pages\/280\/revisions\/2197"}],"wp:featuredmedia":[{"embeddable":true,"href":"https:\/\/barcelona2016.aic-iac.org\/fr\/wp-json\/wp\/v2\/media\/283"}],"wp:attachment":[{"href":"https:\/\/barcelona2016.aic-iac.org\/fr\/wp-json\/wp\/v2\/media?parent=280"}],"curies":[{"name":"wp","href":"https:\/\/api.w.org\/{rel}","templated":true}]}}