{"id":777,"date":"2015-12-28T16:18:41","date_gmt":"2015-12-28T15:18:41","guid":{"rendered":"http:\/\/barcelona2016.aic-iac.org\/?page_id=777"},"modified":"2016-09-06T13:23:46","modified_gmt":"2016-09-06T12:23:46","slug":"evening-15th-september-thursday","status":"publish","type":"page","link":"https:\/\/barcelona2016.aic-iac.org\/fr\/program\/ceramic-evenings-september-12-to-15\/evening-15th-september-thursday\/","title":{"rendered":"jour 4 - Jeudi 15.09.2016, soir\u00e9e","raw":"jour 4 - Jeudi 15.09.2016, soir\u00e9e"},"content":{"rendered":"<table>\n<tbody>\n<tr>\n<td colspan=\"2\">\n<div id=\"attachment_536\" style=\"width: 1042px\" class=\"wp-caption alignnone\"><img loading=\"lazy\" decoding=\"async\" aria-describedby=\"caption-attachment-536\" class=\"wp-image-536 size-full\" src=\"https:\/\/barcelona2016.aic-iac.org\/wp-content\/uploads\/sites\/6\/2015\/09\/G1-DesignHub_Barcelona-C\u00f2pia.jpg\" alt=\"DesignHub, Barcelona\" width=\"1032\" height=\"900\" srcset=\"https:\/\/barcelona2016.aic-iac.org\/wp-content\/uploads\/sites\/2\/2015\/09\/G1-DesignHub_Barcelona-C\u00f2pia.jpg 1032w, https:\/\/barcelona2016.aic-iac.org\/wp-content\/uploads\/sites\/2\/2015\/09\/G1-DesignHub_Barcelona-C\u00f2pia-300x262.jpg 300w, https:\/\/barcelona2016.aic-iac.org\/wp-content\/uploads\/sites\/2\/2015\/09\/G1-DesignHub_Barcelona-C\u00f2pia-940x820.jpg 940w\" sizes=\"auto, (max-width: 1032px) 100vw, 1032px\" \/><p id=\"caption-attachment-536\" class=\"wp-caption-text\">DHUB<\/p><\/div>\n<\/td>\n<\/tr>\n<tr>\n<td>\n<p><span style=\"text-decoration: underline;\"><a href=\"http:\/\/www.museudeldisseny.cat\">Mus\u00e9e du Design &#8211; DesignHub et de la Galerie Roca <\/a><\/span><\/p>\n<p>Soir\u00e9e consacr\u00e9e \u00e0 l\u2019inauguration officielle des expositions de c\u00e9ramique du Mus\u00e9e de Design<\/p>\n<p>&nbsp;<\/p>\n<p>&nbsp;<\/p>\n<\/td>\n<td rowspan=\"2\">\n<p>19.30<strong><br \/> <\/strong>Mus\u00e9e du Design\u00a0<br \/>Vernissage<\/p>\n<ul>\n<li>D\u2019Obra. C\u00e9ramique dans l&rsquo;architecture<\/li>\n<li>Exposition des membres de l&rsquo;Acad\u00e9mie<\/li>\n<li>Cer\u00e0mica Cumella: Shaping ideas \u2013 Modelant Idees<\/li>\n<\/ul>\n<p>20.30<br \/> Visite de la galerie Roca, (en bus.)<\/p>\n<p>21.00<br \/> La galerie Roca. Les activit\u00e9s:<\/p>\n<p><span id=\"result_box\" class=\"\" lang=\"fr\"><span class=\"\">Visite guid\u00e9e<\/span> de cet espace architectural <span class=\"\">embl\u00e9matique<\/span> con\u00e7u par l&rsquo;architecte Carlos <span class=\"\">Ferrater<\/span>, o\u00f9 Roca, leader mondial <span class=\"\">dans les espaces<\/span> de salle de bains et <span class=\"\">c\u00e9ramique sanitaire.<\/span> L&rsquo;espace <span class=\"\">accueille \u00e9galement<\/span> des activit\u00e9s sociales et <span class=\"\">culturelles<\/span> <span class=\"\">et des expositions.<\/span><\/span><\/p>\n<p>22:00\u00a0 <br \/><span id=\"result_box\" class=\"short_text\" lang=\"fr\"><span class=\"\">Cocktail offert par<\/span> <span class=\"\">Roca<\/span><span class=\"\">.<\/span><\/span><\/p>\n<\/td>\n<\/tr>\n<tr>\n<td>\u00a0<\/td>\n<\/tr>\n<\/tbody>\n<\/table>\n<p>&nbsp;<\/p>\n<p>&nbsp;<\/p>\n","protected":false,"raw":"<table>\r\n<tbody>\r\n<tr>\r\n<td colspan=\"2\">\r\n[caption id=\"attachment_536\" align=\"alignnone\" width=\"1032\"]<img class=\"wp-image-536 size-full\" src=\"https:\/\/barcelona2016.aic-iac.org\/wp-content\/uploads\/sites\/6\/2015\/09\/G1-DesignHub_Barcelona-C\u00f2pia.jpg\" alt=\"DesignHub, Barcelona\" width=\"1032\" height=\"900\" \/> DHUB[\/caption]\r\n<\/td>\r\n<\/tr>\r\n<tr>\r\n<td>\r\n<p><span style=\"text-decoration: underline;\"><a href=\"http:\/\/www.museudeldisseny.cat\">Mus\u00e9e du Design - DesignHub et de la Galerie Roca <\/a><\/span><\/p>\r\n<p>Soir\u00e9e consacr\u00e9e \u00e0 l\u2019inauguration officielle des expositions de c\u00e9ramique du Mus\u00e9e de Design<\/p>\r\n<p>&nbsp;<\/p>\r\n<p>&nbsp;<\/p>\r\n<\/td>\r\n<td rowspan=\"2\">\r\n<p>19.30<strong><br \/> <\/strong>Mus\u00e9e du Design\u00a0<br \/>Vernissage<\/p>\r\n<ul>\r\n<li>D\u2019Obra. C\u00e9ramique dans l'architecture<\/li>\r\n<li>Exposition des membres de l'Acad\u00e9mie<\/li>\r\n<li>Cer\u00e0mica Cumella: Shaping ideas \u2013 Modelant Idees<\/li>\r\n<\/ul>\r\n<p>20.30<br \/> Visite de la galerie Roca, (en bus.)<\/p>\r\n<p>21.00<br \/> La galerie Roca. Les activit\u00e9s:<\/p>\r\n<p><span id=\"result_box\" class=\"\" lang=\"fr\"><span class=\"\">Visite guid\u00e9e<\/span> de cet espace architectural <span class=\"\">embl\u00e9matique<\/span> con\u00e7u par l'architecte Carlos <span class=\"\">Ferrater<\/span>, o\u00f9 Roca, leader mondial <span class=\"\">dans les espaces<\/span> de salle de bains et <span class=\"\">c\u00e9ramique sanitaire.<\/span> L'espace <span class=\"\">accueille \u00e9galement<\/span> des activit\u00e9s sociales et <span class=\"\">culturelles<\/span> <span class=\"\">et des expositions.<\/span><\/span><\/p>\r\n<p>22:00\u00a0 <br \/><span id=\"result_box\" class=\"short_text\" lang=\"fr\"><span class=\"\">Cocktail offert par<\/span> <span class=\"\">Roca<\/span><span class=\"\">.<\/span><\/span><\/p>\r\n<\/td>\r\n<\/tr>\r\n<tr>\r\n<td>\u00a0<\/td>\r\n<\/tr>\r\n<\/tbody>\r\n<\/table>\r\n<p>&nbsp;<\/p>\r\n<p>&nbsp;<\/p>"},"excerpt":{"rendered":"<p>Soir\u00e9e consacr\u00e9e \u00e0 l\u2019inauguration officielle des expositions de c\u00e9ramique du Mus\u00e9e de Design<\/p>\n","protected":false,"raw":"Soir\u00e9e consacr\u00e9e \u00e0 l\u2019inauguration officielle des expositions de c\u00e9ramique du Mus\u00e9e de Design"},"author":4,"featured_media":536,"parent":146,"menu_order":0,"comment_status":"closed","ping_status":"closed","template":"","meta":{"_en_post_content":"<table>\r\n<tbody>\r\n<tr>\r\n<td colspan=\"2\">\r\n[caption id=\"attachment_536\" align=\"alignnone\" width=\"1032\"]<img class=\"wp-image-536 size-full\" src=\"https:\/\/barcelona2016.aic-iac.org\/wp-content\/uploads\/sites\/6\/2015\/09\/G1-DesignHub_Barcelona-C\u00f2pia.jpg\" alt=\"DesignHub, Barcelona\" width=\"1032\" height=\"900\" \/> DHUB[\/caption]\r\n<\/td>\r\n<\/tr>\r\n<tr>\r\n<td>\r\n<p><span style=\"text-decoration: underline;\">Evening Events at the DHUB\u00a0 and Roca Barcelona<br \/><\/span><a href=\"http:\/\/www.museudeldisseny.cat\/en\" target=\"_blank\">Museum of Design\u2014Design Hub Barcelona (Venue of the Congress)\u00a0<\/a><\/p>\r\n<p>Evening dedicated to the official opening of the three exhibitions that are held in the Design Museum of Barcelona.<\/p>\r\n<p>&nbsp;<\/p>\r\n<p>&nbsp;<\/p>\r\n<p>&nbsp;<\/p>\r\n<p>&nbsp;<\/p>\r\n<\/td>\r\n<td rowspan=\"2\">\r\n<p>19:30<br \/>Opening and visit the exhibitions:<\/p>\r\n<ul>\r\n<li>IAC Membres' Exhibition<\/li>\r\n<li>D\u2019OBRA \u2013 Ceramics in ArchitectureCer\u00e0mica<\/li>\r\n<li>Cumella: Shaping ideas \u2013 Modelant Idees<\/li>\r\n<\/ul>\r\n<p>20.30<br \/> Visit to the Roca Barcelona Gallery by bus.<\/p>\r\n<p>21.00<br \/> Roca Barcelona Gallery. Activities:<\/p>\r\n<p>Guided tour of this iconic architectural space designed by architect Carlos \u00a0\u00a0\u00a0\u00a0\u00a0\u00a0\u00a0 Ferrater, where Roca, world leader in bathroom spaces and sanitary ceramics, presents their most advanced products in an elegant and didactic way. The space also hosts social and cultural activities and exhibitions.<\/p>\r\n<p>22:00\u00a0 <br \/>Roca Barcelona Gallery. Cocktail hosted by Roca.<\/p>\r\n<p>Activities carried out in collaboration with the Design Museum of Barcelona and Roca<\/p>\r\n<\/td>\r\n<\/tr>\r\n<tr>\r\n<td>\u00a0<\/td>\r\n<\/tr>\r\n<\/tbody>\r\n<\/table>\r\n<p>&nbsp;<\/p>\r\n<p>&nbsp;<\/p>","_en_post_name":"evening-15th-september-thursday","_en_post_excerpt":"Welocome to the DHUB Barcelona, opening and visit the exhibition \u201cD\u2019OBRA \u2013 Ceramics in Architecture\u201d.","_en_post_title":"DAY 4\u2014THURSDAY 15.09.2016, EVENING","_fr_post_content":"<table>\r\n<tbody>\r\n<tr>\r\n<td colspan=\"2\">\r\n[caption id=\"attachment_536\" align=\"alignnone\" width=\"1032\"]<img class=\"wp-image-536 size-full\" src=\"https:\/\/barcelona2016.aic-iac.org\/wp-content\/uploads\/sites\/6\/2015\/09\/G1-DesignHub_Barcelona-C\u00f2pia.jpg\" alt=\"DesignHub, Barcelona\" width=\"1032\" height=\"900\" \/> DHUB[\/caption]\r\n<\/td>\r\n<\/tr>\r\n<tr>\r\n<td>\r\n<p><span style=\"text-decoration: underline;\"><a href=\"http:\/\/www.museudeldisseny.cat\">Mus\u00e9e du Design - DesignHub et de la Galerie Roca <\/a><\/span><\/p>\r\n<p>Soir\u00e9e consacr\u00e9e \u00e0 l\u2019inauguration officielle des expositions de c\u00e9ramique du Mus\u00e9e de Design<\/p>\r\n<p>&nbsp;<\/p>\r\n<p>&nbsp;<\/p>\r\n<\/td>\r\n<td rowspan=\"2\">\r\n<p>19.30<strong><br \/> <\/strong>Mus\u00e9e du Design\u00a0<br \/>Vernissage<\/p>\r\n<ul>\r\n<li>D\u2019Obra. C\u00e9ramique dans l'architecture<\/li>\r\n<li>Exposition des membres de l'Acad\u00e9mie<\/li>\r\n<li>Cer\u00e0mica Cumella: Shaping ideas \u2013 Modelant Idees<\/li>\r\n<\/ul>\r\n<p>20.30<br \/> Visite de la galerie Roca, (en bus.)<\/p>\r\n<p>21.00<br \/> La galerie Roca. Les activit\u00e9s:<\/p>\r\n<p><span id=\"result_box\" class=\"\" lang=\"fr\"><span class=\"\">Visite guid\u00e9e<\/span> de cet espace architectural <span class=\"\">embl\u00e9matique<\/span> con\u00e7u par l'architecte Carlos <span class=\"\">Ferrater<\/span>, o\u00f9 Roca, leader mondial <span class=\"\">dans les espaces<\/span> de salle de bains et <span class=\"\">c\u00e9ramique sanitaire.<\/span> L'espace <span class=\"\">accueille \u00e9galement<\/span> des activit\u00e9s sociales et <span class=\"\">culturelles<\/span> <span class=\"\">et des expositions.<\/span><\/span><\/p>\r\n<p>22:00\u00a0 <br \/><span id=\"result_box\" class=\"short_text\" lang=\"fr\"><span class=\"\">Cocktail offert par<\/span> <span class=\"\">Roca<\/span><span class=\"\">.<\/span><\/span><\/p>\r\n<\/td>\r\n<\/tr>\r\n<tr>\r\n<td>\u00a0<\/td>\r\n<\/tr>\r\n<\/tbody>\r\n<\/table>\r\n<p>&nbsp;<\/p>\r\n<p>&nbsp;<\/p>","_fr_post_name":"evening-15th-september-thursday","_fr_post_excerpt":"Soir\u00e9e consacr\u00e9e \u00e0 l\u2019inauguration officielle des expositions de c\u00e9ramique du Mus\u00e9e de Design","_fr_post_title":"jour 4 - Jeudi 15.09.2016, soir\u00e9e","_es_post_content":"<table>\r\n<tbody>\r\n<tr>\r\n<td colspan=\"2\">\r\n[caption id=\"attachment_536\" align=\"alignnone\" width=\"1032\"]<img class=\"wp-image-536 size-full\" src=\"https:\/\/barcelona2016.aic-iac.org\/wp-content\/uploads\/sites\/6\/2015\/09\/G1-DesignHub_Barcelona-C\u00f2pia.jpg\" alt=\"DesignHub, Barcelona\" width=\"1032\" height=\"900\" \/> DHUB[\/caption]\r\n<\/td>\r\n<\/tr>\r\n<tr>\r\n<td>\r\n<p><span style=\"text-decoration: underline;\">DHUB Barcelona i Roca Barcelona Gallery<br \/><\/span><\/p>\r\n<p>Velada en el Disseny Hub Barcelona: Inauguracion de las exposiciones temporales del centro<\/p>\r\n<p><a href=\"http:\/\/www.museudeldisseny.cat\/es\">Museo del Dise\u00f1o de Barcelona<\/a> (lugar de celebraci\u00f3n de la Asamblea General)<\/p>\r\n<p>&nbsp;<\/p>\r\n<p><span style=\"text-decoration: underline;\">\u00a0<\/span><\/p>\r\n<\/td>\r\n<td rowspan=\"2\">\r\n<p>Acte inaugural de les tres exposicions temporales del centre i visita i sopar al Barcelona Roca Gallery<\/p>\r\n<p>19.30h <br \/><a href=\"http:\/\/ajuntament.barcelona.cat\/museudeldisseny\/en\">Museu del Disseny - Disseny Hub Barcelona<\/a> (Sede del Congreso)<\/p>\r\n<p>Museu del Disseny - Disseny Hub Barcelona (Seu del Congr\u00e9s)<br \/>Acte oficial d'inauguraci\u00f3 de les exposicions:<\/p>\r\n<ul>\r\n<li>D'OBRA - Cer\u00e1mica en la Arquitectura<\/li>\r\n<li>Cer\u00e1mica Cumella. Shaping ideas - Modelant idees<\/li>\r\n<li>Exposici\u00f3n de los miembros de la AIC 2016<br \/>\"La Cer\u00e1mica en la Arquitectura y el Espacio P\u00fablico\"<\/li>\r\n<\/ul>\r\n<p>20.30h <br \/>Sortida a Roca Barcelona Gallery en autob\u00fas.<\/p>\r\n<p>21.00h <br \/>Roca Barcelona Gallery. Activitats:<br \/>Visita guiada a aquest emblem\u00e0tic espai arquitect\u00f2nic, obra de l\u2019arquitecte Carles Ferrater, on Roca, empresa l\u00edder mundial en espais de bany i cer\u00e0mica sanit\u00e0ria presenta els seus productes m\u00e9s avan\u00e7ats d\u2019una forma elegant i did\u00e0ctica. L\u2019espai acull tamb\u00e9 activitats socials, culturals i expositives.<\/p>\r\n<p>22.00h\u00a0 <br \/>Roca Barcelona Gallery. Sopar bufet ofert per Roca.<\/p>\r\n<p>23.00h<br \/>Retorn a l\u2019hotel (autob\u00fas).<br \/><br \/>Activitats realitzades amb la col\u00b7laboraci\u00f3 del Museu del Disseny de Barcelona i Roca.<\/p>\r\n<\/td>\r\n<\/tr>\r\n<tr>\r\n<td>\u00a0<\/td>\r\n<\/tr>\r\n<\/tbody>\r\n<\/table>\r\n<p>&nbsp;<\/p>","_es_post_name":"evening-15th-september-thursday","_es_post_excerpt":"Velada en el Disseny Hub Barcelona: Inauguracion de las exposiciones temporales del centro","_es_post_title":"D\u00cdA 4 - jueves 15.09.2016, noche","_ca_post_content":"","_ca_post_name":"","_ca_post_excerpt":"","_ca_post_title":"","edit_language":"fr","footnotes":""},"class_list":["post-777","page","type-page","status-publish","has-post-thumbnail","hentry"],"_links":{"self":[{"href":"https:\/\/barcelona2016.aic-iac.org\/fr\/wp-json\/wp\/v2\/pages\/777","targetHints":{"allow":["GET"]}}],"collection":[{"href":"https:\/\/barcelona2016.aic-iac.org\/fr\/wp-json\/wp\/v2\/pages"}],"about":[{"href":"https:\/\/barcelona2016.aic-iac.org\/fr\/wp-json\/wp\/v2\/types\/page"}],"author":[{"embeddable":true,"href":"https:\/\/barcelona2016.aic-iac.org\/fr\/wp-json\/wp\/v2\/users\/4"}],"replies":[{"embeddable":true,"href":"https:\/\/barcelona2016.aic-iac.org\/fr\/wp-json\/wp\/v2\/comments?post=777"}],"version-history":[{"count":28,"href":"https:\/\/barcelona2016.aic-iac.org\/fr\/wp-json\/wp\/v2\/pages\/777\/revisions"}],"predecessor-version":[{"id":2171,"href":"https:\/\/barcelona2016.aic-iac.org\/fr\/wp-json\/wp\/v2\/pages\/777\/revisions\/2171"}],"up":[{"embeddable":true,"href":"https:\/\/barcelona2016.aic-iac.org\/fr\/wp-json\/wp\/v2\/pages\/146"}],"wp:featuredmedia":[{"embeddable":true,"href":"https:\/\/barcelona2016.aic-iac.org\/fr\/wp-json\/wp\/v2\/media\/536"}],"wp:attachment":[{"href":"https:\/\/barcelona2016.aic-iac.org\/fr\/wp-json\/wp\/v2\/media?parent=777"}],"curies":[{"name":"wp","href":"https:\/\/api.w.org\/{rel}","templated":true}]}}